{"id":989,"date":"2021-05-09T11:56:43","date_gmt":"2021-05-09T09:56:43","guid":{"rendered":"https:\/\/campinglaforetdumorvan.com\/?page_id=989"},"modified":"2026-02-02T16:31:05","modified_gmt":"2026-02-02T15:31:05","slug":"laagseizoen","status":"publish","type":"page","link":"https:\/\/campinglaforetdumorvan.com\/fr\/laagseizoen\/","title":{"rendered":"Hors saison"},"content":{"rendered":"<div data-elementor-type=\"wp-page\" data-elementor-id=\"989\" class=\"elementor elementor-989\" data-elementor-post-type=\"page\">\n\t\t\t\t\t\t<section class=\"elementor-section elementor-top-section elementor-element elementor-element-6ec5263 elementor-section-boxed elementor-section-height-default elementor-section-height-default\" data-id=\"6ec5263\" data-element_type=\"section\" data-e-type=\"section\" data-settings=\"{&quot;background_background&quot;:&quot;classic&quot;}\">\n\t\t\t\t\t\t<div class=\"elementor-container elementor-column-gap-default\">\n\t\t\t\t\t<div class=\"elementor-column elementor-col-100 elementor-top-column elementor-element elementor-element-78624d9\" data-id=\"78624d9\" data-element_type=\"column\" data-e-type=\"column\">\n\t\t\t<div class=\"elementor-widget-wrap elementor-element-populated\">\n\t\t\t\t\t\t<div class=\"elementor-element elementor-element-d38724e elementor-widget elementor-widget-heading\" data-id=\"d38724e\" data-element_type=\"widget\" data-e-type=\"widget\" data-widget_type=\"heading.default\">\n\t\t\t\t<div class=\"elementor-widget-container\">\n\t\t\t\t\t<h2 class=\"elementor-heading-title elementor-size-default\">Hors saison<\/h2>\t\t\t\t<\/div>\n\t\t\t\t<\/div>\n\t\t\t\t\t<\/div>\n\t\t<\/div>\n\t\t\t\t\t<\/div>\n\t\t<\/section>\n\t\t\t\t<section class=\"elementor-section elementor-top-section elementor-element elementor-element-eca79ca elementor-section-boxed elementor-section-height-default elementor-section-height-default\" data-id=\"eca79ca\" data-element_type=\"section\" data-e-type=\"section\" data-settings=\"{&quot;background_background&quot;:&quot;classic&quot;}\">\n\t\t\t\t\t\t<div class=\"elementor-container elementor-column-gap-default\">\n\t\t\t\t\t<div class=\"elementor-column elementor-col-100 elementor-top-column elementor-element elementor-element-81e88b7\" data-id=\"81e88b7\" data-element_type=\"column\" data-e-type=\"column\">\n\t\t\t<div class=\"elementor-widget-wrap elementor-element-populated\">\n\t\t\t\t\t\t<div class=\"elementor-element elementor-element-edbcbdf elementor-widget elementor-widget-text-editor\" data-id=\"edbcbdf\" data-element_type=\"widget\" data-e-type=\"widget\" data-widget_type=\"text-editor.default\">\n\t\t\t\t<div class=\"elementor-widget-container\">\n\t\t\t\t\t\t\t\t\t<p>Hors la haute saison nous organisons des activit\u00e9s comme une vide grenier et des activit\u00e9s pour des groups ou des familles\u00a0<\/p>\t\t\t\t\t\t\t\t<\/div>\n\t\t\t\t<\/div>\n\t\t\t\t\t<\/div>\n\t\t<\/div>\n\t\t\t\t\t<\/div>\n\t\t<\/section>\n\t\t\t\t<section class=\"elementor-section elementor-top-section elementor-element elementor-element-dd3a476 elementor-section-boxed elementor-section-height-default elementor-section-height-default\" data-id=\"dd3a476\" data-element_type=\"section\" data-e-type=\"section\" data-settings=\"{&quot;background_background&quot;:&quot;classic&quot;}\">\n\t\t\t\t\t\t<div class=\"elementor-container elementor-column-gap-default\">\n\t\t\t\t\t<div class=\"elementor-column elementor-col-100 elementor-top-column elementor-element elementor-element-90ad9b9\" data-id=\"90ad9b9\" data-element_type=\"column\" data-e-type=\"column\">\n\t\t\t<div class=\"elementor-widget-wrap elementor-element-populated\">\n\t\t\t\t\t\t<section class=\"elementor-section elementor-inner-section elementor-element elementor-element-7f263c4 elementor-section-boxed elementor-section-height-default elementor-section-height-default\" data-id=\"7f263c4\" data-element_type=\"section\" data-e-type=\"section\">\n\t\t\t\t\t\t<div class=\"elementor-container elementor-column-gap-default\">\n\t\t\t\t\t<div class=\"elementor-column elementor-col-50 elementor-inner-column elementor-element elementor-element-51e545f\" data-id=\"51e545f\" data-element_type=\"column\" data-e-type=\"column\" data-settings=\"{&quot;background_background&quot;:&quot;classic&quot;}\">\n\t\t\t<div class=\"elementor-widget-wrap\">\n\t\t\t\t\t\t\t<\/div>\n\t\t<\/div>\n\t\t\t\t<div class=\"elementor-column elementor-col-50 elementor-inner-column elementor-element elementor-element-714ab04\" data-id=\"714ab04\" data-element_type=\"column\" data-e-type=\"column\" data-settings=\"{&quot;background_background&quot;:&quot;classic&quot;}\">\n\t\t\t<div class=\"elementor-widget-wrap elementor-element-populated\">\n\t\t\t\t\t\t<div class=\"elementor-element elementor-element-3568ca9 elementor-widget elementor-widget-heading\" data-id=\"3568ca9\" data-element_type=\"widget\" data-e-type=\"widget\" data-widget_type=\"heading.default\">\n\t\t\t\t<div class=\"elementor-widget-container\">\n\t\t\t\t\t<h2 class=\"elementor-heading-title elementor-size-default\">Vide Grenier - Dimanche 26 Avril 2026<\/h2>\t\t\t\t<\/div>\n\t\t\t\t<\/div>\n\t\t\t\t<div class=\"elementor-element elementor-element-a11bfb5 elementor-widget elementor-widget-text-editor\" data-id=\"a11bfb5\" data-element_type=\"widget\" data-e-type=\"widget\" data-widget_type=\"text-editor.default\">\n\t\t\t\t<div class=\"elementor-widget-container\">\n\t\t\t\t\t\t\t\t\t<p><strong><span class=\"style246\">Au camping La For\u00eat du Morvan<\/span><\/strong><span class=\"style35\"><br><\/span><span class=\"style190\"><br><\/span><span class=\"style254\">1, Chemin de la For\u00eat, <br>58370 Larochemillay.<br>De camping bevindt zich aan de D27 (de weg van Luzy naar&nbsp; Chateau Chinon)<br>De 8h \u00e0 16h<\/span><\/p>\n<p class=\"style254\"><strong>ENTR\u00c9E GRATUITE<\/strong>&nbsp;<\/p>\n<p>Restauration et buvette sur place.&nbsp;<br>Des pizzas au four \u00e0 bois, garnies par vous-m\u00eame entre 11h30 et 14h, des frites et des snacks hollandais toute la journee.<\/p>\n<p class=\"style254\">Et jeux pour enfants<\/p>\n<p>Durant le Vide Grenier toutes sortes d'exposants de la r\u00e9gion exposeront leur marchandise. Vous pouvez tout trouver sur le march\u00e9; alors venez acheter de belles choses.&nbsp;<\/p>\n<p class=\"translation-block\"><strong>Informations pour des exposants<\/strong><br>- Seulement des affaires d\u2019occasion o\u00f9 faites main, pas de nourriture<br>\u2013 \u20ac 3,00 par m1 \u00e0 l'interieur et \u20ac 2,00 par m1 \u00e0 l'exterieur<br>- 100 exposants maximum<br>- Nous avons aussi des tables \u00e0 louer, ce sont des grandes tables hautes ou des tables de pique-niques (\u20ac 4,00)<br>- Vous devriez garer votre voiture \u00e0 c\u00f4t\u00e9 du stand.<br>- Installation \u00e0 partir de 6h00<\/p>\t\t\t\t\t\t\t\t<\/div>\n\t\t\t\t<\/div>\n\t\t\t\t\t<\/div>\n\t\t<\/div>\n\t\t\t\t\t<\/div>\n\t\t<\/section>\n\t\t\t\t<section class=\"elementor-section elementor-inner-section elementor-element elementor-element-8f476bb elementor-section-boxed elementor-section-height-default elementor-section-height-default\" data-id=\"8f476bb\" data-element_type=\"section\" data-e-type=\"section\">\n\t\t\t\t\t\t<div class=\"elementor-container elementor-column-gap-default\">\n\t\t\t\t\t<div class=\"elementor-column elementor-col-50 elementor-inner-column elementor-element elementor-element-c76e94b\" data-id=\"c76e94b\" data-element_type=\"column\" data-e-type=\"column\">\n\t\t\t<div class=\"elementor-widget-wrap\">\n\t\t\t\t\t\t\t<\/div>\n\t\t<\/div>\n\t\t\t\t<div class=\"elementor-column elementor-col-50 elementor-inner-column elementor-element elementor-element-7fd1580\" data-id=\"7fd1580\" data-element_type=\"column\" data-e-type=\"column\">\n\t\t\t<div class=\"elementor-widget-wrap\">\n\t\t\t\t\t\t\t<\/div>\n\t\t<\/div>\n\t\t\t\t\t<\/div>\n\t\t<\/section>\n\t\t\t\t\t<\/div>\n\t\t<\/div>\n\t\t\t\t\t<\/div>\n\t\t<\/section>\n\t\t\t\t<section class=\"elementor-section elementor-top-section elementor-element elementor-element-7f85f28 elementor-section-boxed elementor-section-height-default elementor-section-height-default\" data-id=\"7f85f28\" data-element_type=\"section\" data-e-type=\"section\">\n\t\t\t\t\t\t<div class=\"elementor-container elementor-column-gap-default\">\n\t\t\t\t\t<div class=\"elementor-column elementor-col-50 elementor-top-column elementor-element elementor-element-2728de5\" data-id=\"2728de5\" data-element_type=\"column\" data-e-type=\"column\">\n\t\t\t<div class=\"elementor-widget-wrap elementor-element-populated\">\n\t\t\t\t\t\t<div class=\"elementor-element elementor-element-eebf2ef elementor-widget elementor-widget-heading\" data-id=\"eebf2ef\" data-element_type=\"widget\" data-e-type=\"widget\" data-widget_type=\"heading.default\">\n\t\t\t\t<div class=\"elementor-widget-container\">\n\t\t\t\t\t<h2 class=\"elementor-heading-title elementor-size-default\">Journ\u00e9e en famille, avec jeux et repas fait maison<\/h2>\t\t\t\t<\/div>\n\t\t\t\t<\/div>\n\t\t\t\t<div class=\"elementor-element elementor-element-94b4bed elementor-widget elementor-widget-text-editor\" data-id=\"94b4bed\" data-element_type=\"widget\" data-e-type=\"widget\" data-widget_type=\"text-editor.default\">\n\t\t\t\t<div class=\"elementor-widget-container\">\n\t\t\t\t\t\t\t\t\t<p class=\"translation-block\"><strong>Sortie en famille\/groupe, avec une activit\u00e9 et un menu \u00e0 trois plats ou une pizza maison<\/strong><br>\nActivit\u00e9s : Golf fermier, Volley-ball, Football, Basket-ball, Randonn\u00e9e, Baignade dans notre \u00e9tang. \nSalle de jeux pour enfants et adolescents\nUniquement sur r\u00e9servation pour les familles et les groupes de 10 \u00e0 80 personnes. \nPrix - Activit\u00e9 + Repas : \u00e0 partir de 18 euros par personne,\n\nEnvoyez-nous un mail ou appelez-nous pour conna\u00eetre les possibilit\u00e9s.<\/p>\n<p>Prix: activit\u00e9 + repas: \u00e0 partir de 22,50 euros par personne.<\/p>\t\t\t\t\t\t\t\t<\/div>\n\t\t\t\t<\/div>\n\t\t\t\t<div class=\"elementor-element elementor-element-382235b elementor-align-center elementor-widget elementor-widget-button\" data-id=\"382235b\" data-element_type=\"widget\" data-e-type=\"widget\" data-widget_type=\"button.default\">\n\t\t\t\t<div class=\"elementor-widget-container\">\n\t\t\t\t\t\t\t\t\t<div class=\"elementor-button-wrapper\">\n\t\t\t\t\t<a class=\"elementor-button elementor-button-link elementor-size-sm\" href=\"\/fr\/contact\/\">\n\t\t\t\t\t\t<span class=\"elementor-button-content-wrapper\">\n\t\t\t\t\t\t\t\t\t<span class=\"elementor-button-text\">Contactez-nous<\/span>\n\t\t\t\t\t<\/span>\n\t\t\t\t\t<\/a>\n\t\t\t\t<\/div>\n\t\t\t\t\t\t\t\t<\/div>\n\t\t\t\t<\/div>\n\t\t\t\t\t<\/div>\n\t\t<\/div>\n\t\t\t\t<div class=\"elementor-column elementor-col-50 elementor-top-column elementor-element elementor-element-e566268\" data-id=\"e566268\" data-element_type=\"column\" data-e-type=\"column\">\n\t\t\t<div class=\"elementor-widget-wrap elementor-element-populated\">\n\t\t\t\t\t\t<div class=\"elementor-element elementor-element-f99ace0 elementor-widget elementor-widget-image\" data-id=\"f99ace0\" data-element_type=\"widget\" data-e-type=\"widget\" data-widget_type=\"image.default\">\n\t\t\t\t<div class=\"elementor-widget-container\">\n\t\t\t\t\t\t\t\t\t\t\t\t\t\t\t<img fetchpriority=\"high\" decoding=\"async\" width=\"752\" height=\"500\" src=\"https:\/\/campinglaforetdumorvan.com\/wp-content\/uploads\/2021\/02\/LaForet_Activiteitbs.jpg\" class=\"attachment-large size-large wp-image-704\" alt=\"\" srcset=\"https:\/\/campinglaforetdumorvan.com\/wp-content\/uploads\/2021\/02\/LaForet_Activiteitbs.jpg 752w, https:\/\/campinglaforetdumorvan.com\/wp-content\/uploads\/2021\/02\/LaForet_Activiteitbs-300x199.jpg 300w\" sizes=\"(max-width: 752px) 100vw, 752px\" \/>\t\t\t\t\t\t\t\t\t\t\t\t\t\t\t<\/div>\n\t\t\t\t<\/div>\n\t\t\t\t\t<\/div>\n\t\t<\/div>\n\t\t\t\t\t<\/div>\n\t\t<\/section>\n\t\t\t\t<section class=\"elementor-section elementor-top-section elementor-element elementor-element-682fc7b elementor-section-boxed elementor-section-height-default elementor-section-height-default\" data-id=\"682fc7b\" data-element_type=\"section\" data-e-type=\"section\">\n\t\t\t\t\t\t<div class=\"elementor-container elementor-column-gap-default\">\n\t\t\t\t\t<div class=\"elementor-column elementor-col-100 elementor-top-column elementor-element elementor-element-05043cf\" data-id=\"05043cf\" data-element_type=\"column\" data-e-type=\"column\">\n\t\t\t<div class=\"elementor-widget-wrap\">\n\t\t\t\t\t\t\t<\/div>\n\t\t<\/div>\n\t\t\t\t\t<\/div>\n\t\t<\/section>\n\t\t\t\t<\/div>","protected":false},"excerpt":{"rendered":"<p>Laagseizoen Buiten het seizoen organiseren wij activiteiten bij ons op de camping zoals een rommelmarkt en andere groepsactiviteiten.\u00a0 Vide Grenier &#8211; Zondag 26 April 2026 Op Camping La For\u00eat du Morvan 1, Chemin de la For\u00eat, 58370 Larochemillay.De camping bevindt zich aan de D27 (de weg van Luzy naar&nbsp; Chateau Chinon)Van 8 uur tot 16 [&hellip;]<\/p>\n","protected":false},"author":1,"featured_media":0,"parent":0,"menu_order":0,"comment_status":"closed","ping_status":"closed","template":"elementor_header_footer","meta":{"footnotes":""},"class_list":["post-989","page","type-page","status-publish","hentry"],"yoast_head":"<!-- This site is optimized with the Yoast SEO plugin v26.5 - https:\/\/yoast.com\/wordpress\/plugins\/seo\/ -->\n<title>Laagseizoen - Camping La For\u00eat du Morvan<\/title>\n<meta name=\"robots\" content=\"index, follow, max-snippet:-1, max-image-preview:large, max-video-preview:-1\" \/>\n<link rel=\"canonical\" href=\"https:\/\/campinglaforetdumorvan.com\/fr\/laagseizoen\/\" \/>\n<meta property=\"og:locale\" content=\"fr_FR\" \/>\n<meta property=\"og:type\" content=\"article\" \/>\n<meta property=\"og:title\" content=\"Laagseizoen - Camping La For\u00eat du Morvan\" \/>\n<meta property=\"og:description\" content=\"Laagseizoen Buiten het seizoen organiseren wij activiteiten bij ons op de camping zoals een rommelmarkt en andere groepsactiviteiten.\u00a0 Vide Grenier &#8211; Zondag 26 April 2026 Op Camping La For\u00eat du Morvan 1, Chemin de la For\u00eat, 58370 Larochemillay.De camping bevindt zich aan de D27 (de weg van Luzy naar&nbsp; Chateau Chinon)Van 8 uur tot 16 [&hellip;]\" \/>\n<meta property=\"og:url\" content=\"https:\/\/campinglaforetdumorvan.com\/fr\/laagseizoen\/\" \/>\n<meta property=\"og:site_name\" content=\"Camping La For\u00eat du Morvan\" \/>\n<meta property=\"article:modified_time\" content=\"2026-02-02T15:31:05+00:00\" \/>\n<meta property=\"og:image\" content=\"https:\/\/campinglaforetdumorvan.com\/wp-content\/uploads\/2021\/02\/LaForet_Activiteitbs.jpg\" \/>\n\t<meta property=\"og:image:width\" content=\"752\" \/>\n\t<meta property=\"og:image:height\" content=\"500\" \/>\n\t<meta property=\"og:image:type\" content=\"image\/jpeg\" \/>\n<meta name=\"twitter:card\" content=\"summary_large_image\" \/>\n<meta name=\"twitter:label1\" content=\"Dur\u00e9e de lecture estim\u00e9e\" \/>\n\t<meta name=\"twitter:data1\" content=\"2 minutes\" \/>\n<script type=\"application\/ld+json\" class=\"yoast-schema-graph\">{\"@context\":\"https:\/\/schema.org\",\"@graph\":[{\"@type\":\"WebPage\",\"@id\":\"https:\/\/campinglaforetdumorvan.com\/laagseizoen\/\",\"url\":\"https:\/\/campinglaforetdumorvan.com\/laagseizoen\/\",\"name\":\"Laagseizoen - Camping La For\u00eat du Morvan\",\"isPartOf\":{\"@id\":\"https:\/\/campinglaforetdumorvan.com\/#website\"},\"primaryImageOfPage\":{\"@id\":\"https:\/\/campinglaforetdumorvan.com\/laagseizoen\/#primaryimage\"},\"image\":{\"@id\":\"https:\/\/campinglaforetdumorvan.com\/laagseizoen\/#primaryimage\"},\"thumbnailUrl\":\"https:\/\/campinglaforetdumorvan.com\/wp-content\/uploads\/2021\/02\/LaForet_Activiteitbs.jpg\",\"datePublished\":\"2021-05-09T09:56:43+00:00\",\"dateModified\":\"2026-02-02T15:31:05+00:00\",\"breadcrumb\":{\"@id\":\"https:\/\/campinglaforetdumorvan.com\/laagseizoen\/#breadcrumb\"},\"inLanguage\":\"fr-FR\",\"potentialAction\":[{\"@type\":\"ReadAction\",\"target\":[\"https:\/\/campinglaforetdumorvan.com\/laagseizoen\/\"]}]},{\"@type\":\"ImageObject\",\"inLanguage\":\"fr-FR\",\"@id\":\"https:\/\/campinglaforetdumorvan.com\/laagseizoen\/#primaryimage\",\"url\":\"https:\/\/campinglaforetdumorvan.com\/wp-content\/uploads\/2021\/02\/LaForet_Activiteitbs.jpg\",\"contentUrl\":\"https:\/\/campinglaforetdumorvan.com\/wp-content\/uploads\/2021\/02\/LaForet_Activiteitbs.jpg\"},{\"@type\":\"BreadcrumbList\",\"@id\":\"https:\/\/campinglaforetdumorvan.com\/laagseizoen\/#breadcrumb\",\"itemListElement\":[{\"@type\":\"ListItem\",\"position\":1,\"name\":\"Home\",\"item\":\"https:\/\/campinglaforetdumorvan.com\/\"},{\"@type\":\"ListItem\",\"position\":2,\"name\":\"Laagseizoen\"}]},{\"@type\":\"WebSite\",\"@id\":\"https:\/\/campinglaforetdumorvan.com\/#website\",\"url\":\"https:\/\/campinglaforetdumorvan.com\/\",\"name\":\"Camping La For\u00eat du Morvan\",\"description\":\"Dans le sud de la Bourgogne\",\"publisher\":{\"@id\":\"https:\/\/campinglaforetdumorvan.com\/#organization\"},\"potentialAction\":[{\"@type\":\"SearchAction\",\"target\":{\"@type\":\"EntryPoint\",\"urlTemplate\":\"https:\/\/campinglaforetdumorvan.com\/?s={search_term_string}\"},\"query-input\":{\"@type\":\"PropertyValueSpecification\",\"valueRequired\":true,\"valueName\":\"search_term_string\"}}],\"inLanguage\":\"fr-FR\"},{\"@type\":\"Organization\",\"@id\":\"https:\/\/campinglaforetdumorvan.com\/#organization\",\"name\":\"Camping La For\u00eat du Morvan\",\"url\":\"https:\/\/campinglaforetdumorvan.com\/\",\"logo\":{\"@type\":\"ImageObject\",\"inLanguage\":\"fr-FR\",\"@id\":\"https:\/\/campinglaforetdumorvan.com\/#\/schema\/logo\/image\/\",\"url\":\"https:\/\/campinglaforetdumorvan.com\/wp-content\/uploads\/2021\/02\/Untitled-design-2022-12-29T114642.840.png\",\"contentUrl\":\"https:\/\/campinglaforetdumorvan.com\/wp-content\/uploads\/2021\/02\/Untitled-design-2022-12-29T114642.840.png\",\"width\":300,\"height\":300,\"caption\":\"Camping La For\u00eat du Morvan\"},\"image\":{\"@id\":\"https:\/\/campinglaforetdumorvan.com\/#\/schema\/logo\/image\/\"}}]}<\/script>\n<!-- \/ Yoast SEO plugin. -->","yoast_head_json":{"title":"Laagseizoen - Camping La For\u00eat du Morvan","robots":{"index":"index","follow":"follow","max-snippet":"max-snippet:-1","max-image-preview":"max-image-preview:large","max-video-preview":"max-video-preview:-1"},"canonical":"https:\/\/campinglaforetdumorvan.com\/fr\/laagseizoen\/","og_locale":"fr_FR","og_type":"article","og_title":"Laagseizoen - Camping La For\u00eat du Morvan","og_description":"Laagseizoen Buiten het seizoen organiseren wij activiteiten bij ons op de camping zoals een rommelmarkt en andere groepsactiviteiten.\u00a0 Vide Grenier &#8211; Zondag 26 April 2026 Op Camping La For\u00eat du Morvan 1, Chemin de la For\u00eat, 58370 Larochemillay.De camping bevindt zich aan de D27 (de weg van Luzy naar&nbsp; Chateau Chinon)Van 8 uur tot 16 [&hellip;]","og_url":"https:\/\/campinglaforetdumorvan.com\/fr\/laagseizoen\/","og_site_name":"Camping La For\u00eat du Morvan","article_modified_time":"2026-02-02T15:31:05+00:00","og_image":[{"width":752,"height":500,"url":"https:\/\/campinglaforetdumorvan.com\/wp-content\/uploads\/2021\/02\/LaForet_Activiteitbs.jpg","type":"image\/jpeg"}],"twitter_card":"summary_large_image","twitter_misc":{"Dur\u00e9e de lecture estim\u00e9e":"2 minutes"},"schema":{"@context":"https:\/\/schema.org","@graph":[{"@type":"WebPage","@id":"https:\/\/campinglaforetdumorvan.com\/laagseizoen\/","url":"https:\/\/campinglaforetdumorvan.com\/laagseizoen\/","name":"Laagseizoen - Camping La For\u00eat du Morvan","isPartOf":{"@id":"https:\/\/campinglaforetdumorvan.com\/#website"},"primaryImageOfPage":{"@id":"https:\/\/campinglaforetdumorvan.com\/laagseizoen\/#primaryimage"},"image":{"@id":"https:\/\/campinglaforetdumorvan.com\/laagseizoen\/#primaryimage"},"thumbnailUrl":"https:\/\/campinglaforetdumorvan.com\/wp-content\/uploads\/2021\/02\/LaForet_Activiteitbs.jpg","datePublished":"2021-05-09T09:56:43+00:00","dateModified":"2026-02-02T15:31:05+00:00","breadcrumb":{"@id":"https:\/\/campinglaforetdumorvan.com\/laagseizoen\/#breadcrumb"},"inLanguage":"fr-FR","potentialAction":[{"@type":"ReadAction","target":["https:\/\/campinglaforetdumorvan.com\/laagseizoen\/"]}]},{"@type":"ImageObject","inLanguage":"fr-FR","@id":"https:\/\/campinglaforetdumorvan.com\/laagseizoen\/#primaryimage","url":"https:\/\/campinglaforetdumorvan.com\/wp-content\/uploads\/2021\/02\/LaForet_Activiteitbs.jpg","contentUrl":"https:\/\/campinglaforetdumorvan.com\/wp-content\/uploads\/2021\/02\/LaForet_Activiteitbs.jpg"},{"@type":"BreadcrumbList","@id":"https:\/\/campinglaforetdumorvan.com\/laagseizoen\/#breadcrumb","itemListElement":[{"@type":"ListItem","position":1,"name":"Home","item":"https:\/\/campinglaforetdumorvan.com\/"},{"@type":"ListItem","position":2,"name":"Laagseizoen"}]},{"@type":"WebSite","@id":"https:\/\/campinglaforetdumorvan.com\/#website","url":"https:\/\/campinglaforetdumorvan.com\/","name":"Camping La For\u00eat du Morvan","description":"Dans le sud de la Bourgogne","publisher":{"@id":"https:\/\/campinglaforetdumorvan.com\/#organization"},"potentialAction":[{"@type":"SearchAction","target":{"@type":"EntryPoint","urlTemplate":"https:\/\/campinglaforetdumorvan.com\/?s={search_term_string}"},"query-input":{"@type":"PropertyValueSpecification","valueRequired":true,"valueName":"search_term_string"}}],"inLanguage":"fr-FR"},{"@type":"Organization","@id":"https:\/\/campinglaforetdumorvan.com\/#organization","name":"Camping La For\u00eat du Morvan","url":"https:\/\/campinglaforetdumorvan.com\/","logo":{"@type":"ImageObject","inLanguage":"fr-FR","@id":"https:\/\/campinglaforetdumorvan.com\/#\/schema\/logo\/image\/","url":"https:\/\/campinglaforetdumorvan.com\/wp-content\/uploads\/2021\/02\/Untitled-design-2022-12-29T114642.840.png","contentUrl":"https:\/\/campinglaforetdumorvan.com\/wp-content\/uploads\/2021\/02\/Untitled-design-2022-12-29T114642.840.png","width":300,"height":300,"caption":"Camping La For\u00eat du Morvan"},"image":{"@id":"https:\/\/campinglaforetdumorvan.com\/#\/schema\/logo\/image\/"}}]}},"_links":{"self":[{"href":"https:\/\/campinglaforetdumorvan.com\/fr\/wp-json\/wp\/v2\/pages\/989","targetHints":{"allow":["GET"]}}],"collection":[{"href":"https:\/\/campinglaforetdumorvan.com\/fr\/wp-json\/wp\/v2\/pages"}],"about":[{"href":"https:\/\/campinglaforetdumorvan.com\/fr\/wp-json\/wp\/v2\/types\/page"}],"author":[{"embeddable":true,"href":"https:\/\/campinglaforetdumorvan.com\/fr\/wp-json\/wp\/v2\/users\/1"}],"replies":[{"embeddable":true,"href":"https:\/\/campinglaforetdumorvan.com\/fr\/wp-json\/wp\/v2\/comments?post=989"}],"version-history":[{"count":97,"href":"https:\/\/campinglaforetdumorvan.com\/fr\/wp-json\/wp\/v2\/pages\/989\/revisions"}],"predecessor-version":[{"id":2542,"href":"https:\/\/campinglaforetdumorvan.com\/fr\/wp-json\/wp\/v2\/pages\/989\/revisions\/2542"}],"wp:attachment":[{"href":"https:\/\/campinglaforetdumorvan.com\/fr\/wp-json\/wp\/v2\/media?parent=989"}],"curies":[{"name":"wp","href":"https:\/\/api.w.org\/{rel}","templated":true}]}}