{"id":908,"date":"2021-05-08T12:55:32","date_gmt":"2021-05-08T10:55:32","guid":{"rendered":"https:\/\/campinglaforetdumorvan.com\/?page_id=908"},"modified":"2026-01-08T13:46:41","modified_gmt":"2026-01-08T12:46:41","slug":"tarieven","status":"publish","type":"page","link":"https:\/\/campinglaforetdumorvan.com\/de\/tarieven\/","title":{"rendered":"Preise"},"content":{"rendered":"<div data-elementor-type=\"wp-page\" data-elementor-id=\"908\" class=\"elementor elementor-908\" data-elementor-post-type=\"page\">\n\t\t\t\t\t\t<section class=\"elementor-section elementor-top-section elementor-element elementor-element-a4e3a5b elementor-section-boxed elementor-section-height-default elementor-section-height-default\" data-id=\"a4e3a5b\" data-element_type=\"section\" data-e-type=\"section\" data-settings=\"{&quot;background_background&quot;:&quot;classic&quot;}\">\n\t\t\t\t\t\t<div class=\"elementor-container elementor-column-gap-default\">\n\t\t\t\t\t<div class=\"elementor-column elementor-col-100 elementor-top-column elementor-element elementor-element-2330307\" data-id=\"2330307\" data-element_type=\"column\" data-e-type=\"column\">\n\t\t\t<div class=\"elementor-widget-wrap elementor-element-populated\">\n\t\t\t\t\t\t<div class=\"elementor-element elementor-element-4d4df2d elementor-widget elementor-widget-heading\" data-id=\"4d4df2d\" data-element_type=\"widget\" data-e-type=\"widget\" data-widget_type=\"heading.default\">\n\t\t\t\t<div class=\"elementor-widget-container\">\n\t\t\t\t\t<h2 class=\"elementor-heading-title elementor-size-default\">Preise 2026<\/h2>\t\t\t\t<\/div>\n\t\t\t\t<\/div>\n\t\t\t\t\t<\/div>\n\t\t<\/div>\n\t\t\t\t\t<\/div>\n\t\t<\/section>\n\t\t\t\t<section class=\"elementor-section elementor-top-section elementor-element elementor-element-3cf5f89 elementor-section-boxed elementor-section-height-default elementor-section-height-default\" data-id=\"3cf5f89\" data-element_type=\"section\" data-e-type=\"section\" data-settings=\"{&quot;background_background&quot;:&quot;classic&quot;}\">\n\t\t\t\t\t\t<div class=\"elementor-container elementor-column-gap-default\">\n\t\t\t\t\t<div class=\"elementor-column elementor-col-100 elementor-top-column elementor-element elementor-element-09c1560\" data-id=\"09c1560\" data-element_type=\"column\" data-e-type=\"column\">\n\t\t\t<div class=\"elementor-widget-wrap elementor-element-populated\">\n\t\t\t\t\t\t<div class=\"elementor-element elementor-element-90fbddb elementor-widget elementor-widget-text-editor\" data-id=\"90fbddb\" data-element_type=\"widget\" data-e-type=\"widget\" data-widget_type=\"text-editor.default\">\n\t\t\t\t<div class=\"elementor-widget-container\">\n\t\t\t\t\t\t\t\t\t<p>Stellplatze<\/p>\t\t\t\t\t\t\t\t<\/div>\n\t\t\t\t<\/div>\n\t\t\t\t\t<\/div>\n\t\t<\/div>\n\t\t\t\t\t<\/div>\n\t\t<\/section>\n\t\t\t\t<section class=\"elementor-section elementor-top-section elementor-element elementor-element-205acce elementor-section-boxed elementor-section-height-default elementor-section-height-default\" data-id=\"205acce\" data-element_type=\"section\" data-e-type=\"section\" data-settings=\"{&quot;background_background&quot;:&quot;classic&quot;}\">\n\t\t\t\t\t\t<div class=\"elementor-container elementor-column-gap-default\">\n\t\t\t\t\t<div class=\"elementor-column elementor-col-25 elementor-top-column elementor-element elementor-element-20ab28b\" data-id=\"20ab28b\" data-element_type=\"column\" data-e-type=\"column\">\n\t\t\t<div class=\"elementor-widget-wrap elementor-element-populated\">\n\t\t\t\t\t\t<div class=\"elementor-element elementor-element-40c1842 elementor-widget elementor-widget-text-editor\" data-id=\"40c1842\" data-element_type=\"widget\" data-e-type=\"widget\" data-widget_type=\"text-editor.default\">\n\t\t\t\t<div class=\"elementor-widget-container\">\n\t\t\t\t\t\t\t\t\t<p class=\"translation-block\"><strong>3-5 Personen<\/strong><br>01-04 \/ 13-06: \u20ac 24,50 pro Nacht<br>14-06 \/ 04-07: \u20ac 26,50 pro Nacht<br>04-07 \/ 22-08: \u20ac 46,50 pro Nacht<br>22-08 \/ 05-09: \u20ac 26,50 pro Nacht<br>05-09 \/ 31-10:\u00a0 \u20ac 24,50 pro Nacht\u00a0<\/p>\t\t\t\t\t\t\t\t<\/div>\n\t\t\t\t<\/div>\n\t\t\t\t\t<\/div>\n\t\t<\/div>\n\t\t\t\t<div class=\"elementor-column elementor-col-25 elementor-top-column elementor-element elementor-element-68b2bbf\" data-id=\"68b2bbf\" data-element_type=\"column\" data-e-type=\"column\">\n\t\t\t<div class=\"elementor-widget-wrap elementor-element-populated\">\n\t\t\t\t\t\t<div class=\"elementor-element elementor-element-3afa11c elementor-widget elementor-widget-text-editor\" data-id=\"3afa11c\" data-element_type=\"widget\" data-e-type=\"widget\" data-widget_type=\"text-editor.default\">\n\t\t\t\t<div class=\"elementor-widget-container\">\n\t\t\t\t\t\t\t\t\t<p class=\"translation-block\"><strong>2 Personen<\/strong><br>01-04 \/ 13-06: \u20ac 22,00 pro Nacht<br>13-06 \/ 04-07: \u20ac 24,00 pro Nacht<br>04-07 \/ 22-08: \u20ac 35,00 pro Nacht<br>22-08 \/ 05-09: \u20ac 24,00 pro Nacht<br>05-09 \/ 31-10: \u20ac 22,00 pro Nacht<\/p>\t\t\t\t\t\t\t\t<\/div>\n\t\t\t\t<\/div>\n\t\t\t\t\t<\/div>\n\t\t<\/div>\n\t\t\t\t<div class=\"elementor-column elementor-col-25 elementor-top-column elementor-element elementor-element-1a389cc\" data-id=\"1a389cc\" data-element_type=\"column\" data-e-type=\"column\">\n\t\t\t<div class=\"elementor-widget-wrap elementor-element-populated\">\n\t\t\t\t\t\t<div class=\"elementor-element elementor-element-b626e18 elementor-widget elementor-widget-text-editor\" data-id=\"b626e18\" data-element_type=\"widget\" data-e-type=\"widget\" data-widget_type=\"text-editor.default\">\n\t\t\t\t<div class=\"elementor-widget-container\">\n\t\t\t\t\t\t\t\t\t<p class=\"translation-block\"><strong>1 Persoon<\/strong><br>01-04 \/ 13-06: \u20ac 15,50 pro Nacht<br>13-06 \/ 04-07: \u20ac 17,50 pro Nacht<br>04-07 \/22-08: \u20ac 26,00 pro Nacht<br>22-08 \/ 05-09: \u20ac 17,50 pro Nacht<br>05-09 \/ 31-10: \u20ac 15,50 pro Nacht<\/p>\t\t\t\t\t\t\t\t<\/div>\n\t\t\t\t<\/div>\n\t\t\t\t\t<\/div>\n\t\t<\/div>\n\t\t\t\t<div class=\"elementor-column elementor-col-25 elementor-top-column elementor-element elementor-element-6b97a2b\" data-id=\"6b97a2b\" data-element_type=\"column\" data-e-type=\"column\">\n\t\t\t<div class=\"elementor-widget-wrap\">\n\t\t\t\t\t\t\t<\/div>\n\t\t<\/div>\n\t\t\t\t\t<\/div>\n\t\t<\/section>\n\t\t\t\t<section class=\"elementor-section elementor-top-section elementor-element elementor-element-65dd789 elementor-section-boxed elementor-section-height-default elementor-section-height-default\" data-id=\"65dd789\" data-element_type=\"section\" data-e-type=\"section\" data-settings=\"{&quot;background_background&quot;:&quot;classic&quot;}\">\n\t\t\t\t\t\t<div class=\"elementor-container elementor-column-gap-default\">\n\t\t\t\t\t<div class=\"elementor-column elementor-col-100 elementor-top-column elementor-element elementor-element-f3aaeb3\" data-id=\"f3aaeb3\" data-element_type=\"column\" data-e-type=\"column\">\n\t\t\t<div class=\"elementor-widget-wrap elementor-element-populated\">\n\t\t\t\t\t\t<div class=\"elementor-element elementor-element-788f7f8 elementor-widget elementor-widget-text-editor\" data-id=\"788f7f8\" data-element_type=\"widget\" data-e-type=\"widget\" data-widget_type=\"text-editor.default\">\n\t\t\t\t<div class=\"elementor-widget-container\">\n\t\t\t\t\t\t\t\t\t<p>M\u00f6blierte Zelte<\/p>\t\t\t\t\t\t\t\t<\/div>\n\t\t\t\t<\/div>\n\t\t\t\t\t<\/div>\n\t\t<\/div>\n\t\t\t\t\t<\/div>\n\t\t<\/section>\n\t\t\t\t<section class=\"elementor-section elementor-top-section elementor-element elementor-element-256be17 elementor-section-boxed elementor-section-height-default elementor-section-height-default\" data-id=\"256be17\" data-element_type=\"section\" data-e-type=\"section\" data-settings=\"{&quot;background_background&quot;:&quot;classic&quot;}\">\n\t\t\t\t\t\t<div class=\"elementor-container elementor-column-gap-default\">\n\t\t\t\t\t<div class=\"elementor-column elementor-col-25 elementor-top-column elementor-element elementor-element-c395e6b\" data-id=\"c395e6b\" data-element_type=\"column\" data-e-type=\"column\">\n\t\t\t<div class=\"elementor-widget-wrap elementor-element-populated\">\n\t\t\t\t\t\t<div class=\"elementor-element elementor-element-6d82d09 elementor-widget elementor-widget-text-editor\" data-id=\"6d82d09\" data-element_type=\"widget\" data-e-type=\"widget\" data-widget_type=\"text-editor.default\">\n\t\t\t\t<div class=\"elementor-widget-container\">\n\t\t\t\t\t\t\t\t\t<p class=\"translation-block\"><strong>3-5 Personen<\/strong><br>01-04 \/ 13-06: \u20ac 41.50 pro Nacht<br>13-06 \/ 04-07: \u20ac 49,00 pro Nacht<br>04-07 \/ 22-08: \u20ac 88,50 pro Nacht<br>22-08 \/ 05-09: \u20ac 49,00 pro Nacht<br>05-09 \/ 31-10: \u20ac 41,50 pro Nacht<\/p>\t\t\t\t\t\t\t\t<\/div>\n\t\t\t\t<\/div>\n\t\t\t\t\t<\/div>\n\t\t<\/div>\n\t\t\t\t<div class=\"elementor-column elementor-col-25 elementor-top-column elementor-element elementor-element-d8d89f3\" data-id=\"d8d89f3\" data-element_type=\"column\" data-e-type=\"column\">\n\t\t\t<div class=\"elementor-widget-wrap elementor-element-populated\">\n\t\t\t\t\t\t<div class=\"elementor-element elementor-element-b6e8d49 elementor-widget elementor-widget-text-editor\" data-id=\"b6e8d49\" data-element_type=\"widget\" data-e-type=\"widget\" data-widget_type=\"text-editor.default\">\n\t\t\t\t<div class=\"elementor-widget-container\">\n\t\t\t\t\t\t\t\t\t<p class=\"translation-block\"><strong>2 Personen<\/strong><br>01-04 \/ 13-06: \u20ac 41,50 pro Nacht<br>13-06 \/ 04-07: \u20ac 49,00 pro Nacht<br>04-07 \/ 22-08: \u20ac 78,50 pro Nacht<br>22-08 \/ 05-09: \u20ac 49,00 pro Nacht<br>05-09 \/ 31-10: \u20ac 41,50 pro Nacht<\/p>\t\t\t\t\t\t\t\t<\/div>\n\t\t\t\t<\/div>\n\t\t\t\t\t<\/div>\n\t\t<\/div>\n\t\t\t\t<div class=\"elementor-column elementor-col-25 elementor-top-column elementor-element elementor-element-c0bc382\" data-id=\"c0bc382\" data-element_type=\"column\" data-e-type=\"column\">\n\t\t\t<div class=\"elementor-widget-wrap elementor-element-populated\">\n\t\t\t\t\t\t<div class=\"elementor-element elementor-element-bf347c0 elementor-widget__width-initial elementor-widget elementor-widget-text-editor\" data-id=\"bf347c0\" data-element_type=\"widget\" data-e-type=\"widget\" data-widget_type=\"text-editor.default\">\n\t\t\t\t<div class=\"elementor-widget-container\">\n\t\t\t\t\t\t\t\t\t<p>Zus\u00e4tzliche Preise pro Nacht<\/p>\t\t\t\t\t\t\t\t<\/div>\n\t\t\t\t<\/div>\n\t\t\t\t<div class=\"elementor-element elementor-element-3edfdff elementor-widget elementor-widget-text-editor\" data-id=\"3edfdff\" data-element_type=\"widget\" data-e-type=\"widget\" data-widget_type=\"text-editor.default\">\n\t\t\t\t<div class=\"elementor-widget-container\">\n\t\t\t\t\t\t\t\t\t<p><b>01-04 \/ 04-07 en 22-08\/31-10<\/b><br \/>Zus\u00e4tzliche Person (mehr als 5): \u20ac 2,75<br \/>Hund: \u20ac 2,75<br \/>Picknicktisch: \u20ac 3,75<br \/>Elektrizit\u00e4t: \u20ac 3.50<br \/>K\u00fchlschrank: \u20ac 3,75<br \/>Ein kleines Extrazelt: \u20ac 2,25<\/p>\t\t\t\t\t\t\t\t<\/div>\n\t\t\t\t<\/div>\n\t\t\t\t\t<\/div>\n\t\t<\/div>\n\t\t\t\t<div class=\"elementor-column elementor-col-25 elementor-top-column elementor-element elementor-element-4271a0d\" data-id=\"4271a0d\" data-element_type=\"column\" data-e-type=\"column\">\n\t\t\t<div class=\"elementor-widget-wrap elementor-element-populated\">\n\t\t\t\t\t\t<div class=\"elementor-element elementor-element-ac46536 elementor-widget elementor-widget-text-editor\" data-id=\"ac46536\" data-element_type=\"widget\" data-e-type=\"widget\" data-widget_type=\"text-editor.default\">\n\t\t\t\t<div class=\"elementor-widget-container\">\n\t\t\t\t\t\t\t\t\t<p><b>\u00a0<\/b><\/p><p><b style=\"font-size: 1rem;\">04-07\/22-08<br \/><\/b><span style=\"font-size: 1rem;\">Zus\u00e4tzliche Person (mehr als 5): \u20ac 5,00<br \/><\/span><span style=\"font-size: 1rem;\">Hund: \u20ac 3,75<br \/><\/span><span style=\"font-size: 1rem;\">Picknicktisch: \u20ac 5,00<br \/><\/span><span style=\"font-size: 1rem;\">Strom: \u20ac 5,50<br \/><\/span><span style=\"font-size: 1rem;\">K\u00fchlschrank: \u20ac 7,00<br \/><\/span><span style=\"font-size: 1rem;\">Ein kleines Extra Zelt: \u20ac 2,75<\/span><span style=\"font-size: 1rem;\"><br \/><\/span><\/p>\t\t\t\t\t\t\t\t<\/div>\n\t\t\t\t<\/div>\n\t\t\t\t\t<\/div>\n\t\t<\/div>\n\t\t\t\t\t<\/div>\n\t\t<\/section>\n\t\t\t\t<section class=\"elementor-section elementor-top-section elementor-element elementor-element-aea9fd9 elementor-section-boxed elementor-section-height-default elementor-section-height-default\" data-id=\"aea9fd9\" data-element_type=\"section\" data-e-type=\"section\" data-settings=\"{&quot;background_background&quot;:&quot;classic&quot;}\">\n\t\t\t\t\t\t<div class=\"elementor-container elementor-column-gap-default\">\n\t\t\t\t\t<div class=\"elementor-column elementor-col-50 elementor-top-column elementor-element elementor-element-bd8c409\" data-id=\"bd8c409\" data-element_type=\"column\" data-e-type=\"column\">\n\t\t\t<div class=\"elementor-widget-wrap\">\n\t\t\t\t\t\t\t<\/div>\n\t\t<\/div>\n\t\t\t\t<div class=\"elementor-column elementor-col-50 elementor-top-column elementor-element elementor-element-97b3488\" data-id=\"97b3488\" data-element_type=\"column\" data-e-type=\"column\">\n\t\t\t<div class=\"elementor-widget-wrap\">\n\t\t\t\t\t\t\t<\/div>\n\t\t<\/div>\n\t\t\t\t\t<\/div>\n\t\t<\/section>\n\t\t\t\t<section class=\"elementor-section elementor-top-section elementor-element elementor-element-0f887c3 elementor-section-boxed elementor-section-height-default elementor-section-height-default\" data-id=\"0f887c3\" data-element_type=\"section\" data-e-type=\"section\" data-settings=\"{&quot;background_background&quot;:&quot;classic&quot;}\">\n\t\t\t\t\t\t<div class=\"elementor-container elementor-column-gap-default\">\n\t\t\t\t\t<div class=\"elementor-column elementor-col-50 elementor-top-column elementor-element elementor-element-eee3616\" data-id=\"eee3616\" data-element_type=\"column\" data-e-type=\"column\">\n\t\t\t<div class=\"elementor-widget-wrap elementor-element-populated\">\n\t\t\t\t\t\t<div class=\"elementor-element elementor-element-6e051d9 elementor-widget elementor-widget-image\" data-id=\"6e051d9\" data-element_type=\"widget\" data-e-type=\"widget\" data-widget_type=\"image.default\">\n\t\t\t\t<div class=\"elementor-widget-container\">\n\t\t\t\t\t\t\t\t\t\t\t\t\t\t\t<img fetchpriority=\"high\" decoding=\"async\" width=\"800\" height=\"532\" src=\"https:\/\/campinglaforetdumorvan.com\/wp-content\/uploads\/2021\/02\/LaForet_Camping12-1024x681.jpg\" class=\"attachment-large size-large wp-image-581\" alt=\"\" srcset=\"\" sizes=\"(max-width: 800px) 100vw, 800px\" data-srcset=\"\" \/>\t\t\t\t\t\t\t\t\t\t\t\t\t\t\t<\/div>\n\t\t\t\t<\/div>\n\t\t\t\t\t<\/div>\n\t\t<\/div>\n\t\t\t\t<div class=\"elementor-column elementor-col-50 elementor-top-column elementor-element elementor-element-c70d380\" data-id=\"c70d380\" data-element_type=\"column\" data-e-type=\"column\">\n\t\t\t<div class=\"elementor-widget-wrap elementor-element-populated\">\n\t\t\t\t\t\t<div class=\"elementor-element elementor-element-0faa08d elementor-widget elementor-widget-text-editor\" data-id=\"0faa08d\" data-element_type=\"widget\" data-e-type=\"widget\" data-widget_type=\"text-editor.default\">\n\t\t\t\t<div class=\"elementor-widget-container\">\n\t\t\t\t\t\t\t\t\t<p>Mehr Informationen<\/p>\t\t\t\t\t\t\t\t<\/div>\n\t\t\t\t<\/div>\n\t\t\t\t<div class=\"elementor-element elementor-element-5d0668b elementor-widget elementor-widget-text-editor\" data-id=\"5d0668b\" data-element_type=\"widget\" data-e-type=\"widget\" data-widget_type=\"text-editor.default\">\n\t\t\t\t<div class=\"elementor-widget-container\">\n\t\t\t\t\t\t\t\t\t<p class=\"translation-block\">Die genannten Preise ist einschlie\u00dflich Zeltplatz, Auto, Parkplatz.<br> Es muss jedoch eine Touristen- und Abfallsteuer entrichtet werden (1,05 \u20ac pro Person (+13 Jahre) pro Nacht). Auf unserem Campingplatz gibt es auch Wohnwagen- und Camperpl\u00e4tze Wegen der steilen Auffahrt ist der Campingplatz zug\u00e4nglich f\u00fcr Wohnwagen bis 7m L\u00e4nge.<\/p><p><span class=\"style1\"><strong>Mietzelt<\/strong><\/span><span class=\"style2\"><br \/>Wenn Sie eines unserer Mietzelte benutzen, m\u00fcssen Sie es selbst sauber halten und bei der Abreise sauber lassen. Wenn wir uns um die Endreinigung k\u00fcmmern m\u00fcssen, m\u00f6chten wir dies im Voraus h\u00f6ren.<br \/>Die Kosten hierf\u00fcr betragen \u20ac 50,00.<\/span><\/p><p><span class=\"style1\"><strong>(Pers\u00f6nliche) sanit\u00e4re Einrichtungen<\/strong><\/span><span class=\"style2\"><strong><br \/><\/strong>Wenn Sie unserer (pers\u00f6nliche) sanit\u00e4re Einrichtungen nutzen, m\u00fcssen Sie diesen bei der Abreise sauber lassen. Die Nutzung einer der privaten Sanit\u00e4ranlagen kostet in der Nebensaison \u20ac6,00 und in der Hochsaison \u20ac 9,50.<\/span><\/p>\t\t\t\t\t\t\t\t<\/div>\n\t\t\t\t<\/div>\n\t\t\t\t\t<\/div>\n\t\t<\/div>\n\t\t\t\t\t<\/div>\n\t\t<\/section>\n\t\t\t\t<section class=\"elementor-section elementor-top-section elementor-element elementor-element-5d78e55 elementor-section-boxed elementor-section-height-default elementor-section-height-default\" data-id=\"5d78e55\" data-element_type=\"section\" data-e-type=\"section\">\n\t\t\t\t\t\t<div class=\"elementor-container elementor-column-gap-default\">\n\t\t\t\t\t<div class=\"elementor-column elementor-col-100 elementor-top-column elementor-element elementor-element-ea07232\" data-id=\"ea07232\" data-element_type=\"column\" data-e-type=\"column\">\n\t\t\t<div class=\"elementor-widget-wrap elementor-element-populated\">\n\t\t\t\t\t\t<section class=\"elementor-section elementor-inner-section elementor-element elementor-element-9530d7f elementor-section-boxed elementor-section-height-default elementor-section-height-default\" data-id=\"9530d7f\" data-element_type=\"section\" data-e-type=\"section\">\n\t\t\t\t\t\t<div class=\"elementor-container elementor-column-gap-default\">\n\t\t\t\t\t<div class=\"elementor-column elementor-col-50 elementor-inner-column elementor-element elementor-element-17f3860\" data-id=\"17f3860\" data-element_type=\"column\" data-e-type=\"column\">\n\t\t\t<div class=\"elementor-widget-wrap\">\n\t\t\t\t\t\t\t<\/div>\n\t\t<\/div>\n\t\t\t\t<div class=\"elementor-column elementor-col-50 elementor-inner-column elementor-element elementor-element-1de8ea1\" data-id=\"1de8ea1\" data-element_type=\"column\" data-e-type=\"column\">\n\t\t\t<div class=\"elementor-widget-wrap\">\n\t\t\t\t\t\t\t<\/div>\n\t\t<\/div>\n\t\t\t\t\t<\/div>\n\t\t<\/section>\n\t\t\t\t\t<\/div>\n\t\t<\/div>\n\t\t\t\t\t<\/div>\n\t\t<\/section>\n\t\t\t\t<\/div>","protected":false},"excerpt":{"rendered":"<p>Tarieven 2026 Kampeerplaatsen 3-5 personen01-04 \/ 13-06: \u20ac 24,50 per nacht13-06 \/ 04-07: \u20ac 26,50 per nacht04-07 \/ 22-08: \u20ac 46,50 per nacht22-08 \/ 05-09: \u20ac 26,50 per nacht05-09 \/ 31-10:\u00a0 \u20ac 24,50 per nacht\u00a0 2 personen01-04 \/ 13-06: \u20ac 22,00 per nacht13-06 \/ 04-07: \u20ac 24,00 per nacht04-07 \/ 22-08: \u20ac 35,00 per nacht22-08 [&hellip;]<\/p>\n","protected":false},"author":1,"featured_media":0,"parent":0,"menu_order":0,"comment_status":"closed","ping_status":"closed","template":"elementor_header_footer","meta":{"footnotes":""},"class_list":["post-908","page","type-page","status-publish","hentry"],"yoast_head":"<!-- This site is optimized with the Yoast SEO plugin v26.5 - https:\/\/yoast.com\/wordpress\/plugins\/seo\/ -->\n<title>Tarieven - Camping La For\u00eat du Morvan<\/title>\n<meta name=\"robots\" content=\"index, follow, max-snippet:-1, max-image-preview:large, max-video-preview:-1\" \/>\n<link rel=\"canonical\" href=\"https:\/\/campinglaforetdumorvan.com\/de\/tarieven\/\" \/>\n<meta property=\"og:locale\" content=\"de_DE\" \/>\n<meta property=\"og:type\" content=\"article\" \/>\n<meta property=\"og:title\" content=\"Tarieven - Camping La For\u00eat du Morvan\" \/>\n<meta property=\"og:description\" content=\"Tarieven 2026 Kampeerplaatsen 3-5 personen01-04 \/ 13-06: \u20ac 24,50 per nacht13-06 \/ 04-07: \u20ac 26,50 per nacht04-07 \/ 22-08: \u20ac 46,50 per nacht22-08 \/ 05-09: \u20ac 26,50 per nacht05-09 \/ 31-10:\u00a0 \u20ac 24,50 per nacht\u00a0 2 personen01-04 \/ 13-06: \u20ac 22,00 per nacht13-06 \/ 04-07: \u20ac 24,00 per nacht04-07 \/ 22-08: \u20ac 35,00 per nacht22-08 [&hellip;]\" \/>\n<meta property=\"og:url\" content=\"https:\/\/campinglaforetdumorvan.com\/de\/tarieven\/\" \/>\n<meta property=\"og:site_name\" content=\"Camping La For\u00eat du Morvan\" \/>\n<meta property=\"article:modified_time\" content=\"2026-01-08T12:46:41+00:00\" \/>\n<meta property=\"og:image\" content=\"https:\/\/campinglaforetdumorvan.com\/wp-content\/uploads\/2021\/02\/LaForet_Camping12.jpg\" \/>\n\t<meta property=\"og:image:width\" content=\"1155\" \/>\n\t<meta property=\"og:image:height\" content=\"768\" \/>\n\t<meta property=\"og:image:type\" content=\"image\/jpeg\" \/>\n<meta name=\"twitter:card\" content=\"summary_large_image\" \/>\n<meta name=\"twitter:label1\" content=\"Gesch\u00e4tzte Lesezeit\" \/>\n\t<meta name=\"twitter:data1\" content=\"3\u00a0Minuten\" \/>\n<script type=\"application\/ld+json\" class=\"yoast-schema-graph\">{\"@context\":\"https:\/\/schema.org\",\"@graph\":[{\"@type\":\"WebPage\",\"@id\":\"https:\/\/campinglaforetdumorvan.com\/tarieven\/\",\"url\":\"https:\/\/campinglaforetdumorvan.com\/tarieven\/\",\"name\":\"Tarieven - Camping La For\u00eat du Morvan\",\"isPartOf\":{\"@id\":\"https:\/\/campinglaforetdumorvan.com\/#website\"},\"primaryImageOfPage\":{\"@id\":\"https:\/\/campinglaforetdumorvan.com\/tarieven\/#primaryimage\"},\"image\":{\"@id\":\"https:\/\/campinglaforetdumorvan.com\/tarieven\/#primaryimage\"},\"thumbnailUrl\":\"https:\/\/campinglaforetdumorvan.com\/wp-content\/uploads\/2021\/02\/LaForet_Camping12-1024x681.jpg\",\"datePublished\":\"2021-05-08T10:55:32+00:00\",\"dateModified\":\"2026-01-08T12:46:41+00:00\",\"breadcrumb\":{\"@id\":\"https:\/\/campinglaforetdumorvan.com\/tarieven\/#breadcrumb\"},\"inLanguage\":\"de\",\"potentialAction\":[{\"@type\":\"ReadAction\",\"target\":[\"https:\/\/campinglaforetdumorvan.com\/tarieven\/\"]}]},{\"@type\":\"ImageObject\",\"inLanguage\":\"de\",\"@id\":\"https:\/\/campinglaforetdumorvan.com\/tarieven\/#primaryimage\",\"url\":\"https:\/\/campinglaforetdumorvan.com\/wp-content\/uploads\/2021\/02\/LaForet_Camping12-1024x681.jpg\",\"contentUrl\":\"https:\/\/campinglaforetdumorvan.com\/wp-content\/uploads\/2021\/02\/LaForet_Camping12-1024x681.jpg\"},{\"@type\":\"BreadcrumbList\",\"@id\":\"https:\/\/campinglaforetdumorvan.com\/tarieven\/#breadcrumb\",\"itemListElement\":[{\"@type\":\"ListItem\",\"position\":1,\"name\":\"Home\",\"item\":\"https:\/\/campinglaforetdumorvan.com\/\"},{\"@type\":\"ListItem\",\"position\":2,\"name\":\"Tarieven\"}]},{\"@type\":\"WebSite\",\"@id\":\"https:\/\/campinglaforetdumorvan.com\/#website\",\"url\":\"https:\/\/campinglaforetdumorvan.com\/\",\"name\":\"Camping La For\u00eat du Morvan\",\"description\":\"Dans le sud de la Bourgogne\",\"publisher\":{\"@id\":\"https:\/\/campinglaforetdumorvan.com\/#organization\"},\"potentialAction\":[{\"@type\":\"SearchAction\",\"target\":{\"@type\":\"EntryPoint\",\"urlTemplate\":\"https:\/\/campinglaforetdumorvan.com\/?s={search_term_string}\"},\"query-input\":{\"@type\":\"PropertyValueSpecification\",\"valueRequired\":true,\"valueName\":\"search_term_string\"}}],\"inLanguage\":\"de\"},{\"@type\":\"Organization\",\"@id\":\"https:\/\/campinglaforetdumorvan.com\/#organization\",\"name\":\"Camping La For\u00eat du Morvan\",\"url\":\"https:\/\/campinglaforetdumorvan.com\/\",\"logo\":{\"@type\":\"ImageObject\",\"inLanguage\":\"de\",\"@id\":\"https:\/\/campinglaforetdumorvan.com\/#\/schema\/logo\/image\/\",\"url\":\"https:\/\/campinglaforetdumorvan.com\/wp-content\/uploads\/2021\/02\/Untitled-design-2022-12-29T114642.840.png\",\"contentUrl\":\"https:\/\/campinglaforetdumorvan.com\/wp-content\/uploads\/2021\/02\/Untitled-design-2022-12-29T114642.840.png\",\"width\":300,\"height\":300,\"caption\":\"Camping La For\u00eat du Morvan\"},\"image\":{\"@id\":\"https:\/\/campinglaforetdumorvan.com\/#\/schema\/logo\/image\/\"}}]}<\/script>\n<!-- \/ Yoast SEO plugin. -->","yoast_head_json":{"title":"Tarieven - Camping La For\u00eat du Morvan","robots":{"index":"index","follow":"follow","max-snippet":"max-snippet:-1","max-image-preview":"max-image-preview:large","max-video-preview":"max-video-preview:-1"},"canonical":"https:\/\/campinglaforetdumorvan.com\/de\/tarieven\/","og_locale":"de_DE","og_type":"article","og_title":"Tarieven - Camping La For\u00eat du Morvan","og_description":"Tarieven 2026 Kampeerplaatsen 3-5 personen01-04 \/ 13-06: \u20ac 24,50 per nacht13-06 \/ 04-07: \u20ac 26,50 per nacht04-07 \/ 22-08: \u20ac 46,50 per nacht22-08 \/ 05-09: \u20ac 26,50 per nacht05-09 \/ 31-10:\u00a0 \u20ac 24,50 per nacht\u00a0 2 personen01-04 \/ 13-06: \u20ac 22,00 per nacht13-06 \/ 04-07: \u20ac 24,00 per nacht04-07 \/ 22-08: \u20ac 35,00 per nacht22-08 [&hellip;]","og_url":"https:\/\/campinglaforetdumorvan.com\/de\/tarieven\/","og_site_name":"Camping La For\u00eat du Morvan","article_modified_time":"2026-01-08T12:46:41+00:00","og_image":[{"width":1155,"height":768,"url":"https:\/\/campinglaforetdumorvan.com\/wp-content\/uploads\/2021\/02\/LaForet_Camping12.jpg","type":"image\/jpeg"}],"twitter_card":"summary_large_image","twitter_misc":{"Gesch\u00e4tzte Lesezeit":"3\u00a0Minuten"},"schema":{"@context":"https:\/\/schema.org","@graph":[{"@type":"WebPage","@id":"https:\/\/campinglaforetdumorvan.com\/tarieven\/","url":"https:\/\/campinglaforetdumorvan.com\/tarieven\/","name":"Tarieven - Camping La For\u00eat du Morvan","isPartOf":{"@id":"https:\/\/campinglaforetdumorvan.com\/#website"},"primaryImageOfPage":{"@id":"https:\/\/campinglaforetdumorvan.com\/tarieven\/#primaryimage"},"image":{"@id":"https:\/\/campinglaforetdumorvan.com\/tarieven\/#primaryimage"},"thumbnailUrl":"https:\/\/campinglaforetdumorvan.com\/wp-content\/uploads\/2021\/02\/LaForet_Camping12-1024x681.jpg","datePublished":"2021-05-08T10:55:32+00:00","dateModified":"2026-01-08T12:46:41+00:00","breadcrumb":{"@id":"https:\/\/campinglaforetdumorvan.com\/tarieven\/#breadcrumb"},"inLanguage":"de","potentialAction":[{"@type":"ReadAction","target":["https:\/\/campinglaforetdumorvan.com\/tarieven\/"]}]},{"@type":"ImageObject","inLanguage":"de","@id":"https:\/\/campinglaforetdumorvan.com\/tarieven\/#primaryimage","url":"https:\/\/campinglaforetdumorvan.com\/wp-content\/uploads\/2021\/02\/LaForet_Camping12-1024x681.jpg","contentUrl":"https:\/\/campinglaforetdumorvan.com\/wp-content\/uploads\/2021\/02\/LaForet_Camping12-1024x681.jpg"},{"@type":"BreadcrumbList","@id":"https:\/\/campinglaforetdumorvan.com\/tarieven\/#breadcrumb","itemListElement":[{"@type":"ListItem","position":1,"name":"Home","item":"https:\/\/campinglaforetdumorvan.com\/"},{"@type":"ListItem","position":2,"name":"Tarieven"}]},{"@type":"WebSite","@id":"https:\/\/campinglaforetdumorvan.com\/#website","url":"https:\/\/campinglaforetdumorvan.com\/","name":"Camping La For\u00eat du Morvan","description":"Dans le sud de la Bourgogne","publisher":{"@id":"https:\/\/campinglaforetdumorvan.com\/#organization"},"potentialAction":[{"@type":"SearchAction","target":{"@type":"EntryPoint","urlTemplate":"https:\/\/campinglaforetdumorvan.com\/?s={search_term_string}"},"query-input":{"@type":"PropertyValueSpecification","valueRequired":true,"valueName":"search_term_string"}}],"inLanguage":"de"},{"@type":"Organization","@id":"https:\/\/campinglaforetdumorvan.com\/#organization","name":"Camping La For\u00eat du Morvan","url":"https:\/\/campinglaforetdumorvan.com\/","logo":{"@type":"ImageObject","inLanguage":"de","@id":"https:\/\/campinglaforetdumorvan.com\/#\/schema\/logo\/image\/","url":"https:\/\/campinglaforetdumorvan.com\/wp-content\/uploads\/2021\/02\/Untitled-design-2022-12-29T114642.840.png","contentUrl":"https:\/\/campinglaforetdumorvan.com\/wp-content\/uploads\/2021\/02\/Untitled-design-2022-12-29T114642.840.png","width":300,"height":300,"caption":"Camping La For\u00eat du Morvan"},"image":{"@id":"https:\/\/campinglaforetdumorvan.com\/#\/schema\/logo\/image\/"}}]}},"_links":{"self":[{"href":"https:\/\/campinglaforetdumorvan.com\/de\/wp-json\/wp\/v2\/pages\/908","targetHints":{"allow":["GET"]}}],"collection":[{"href":"https:\/\/campinglaforetdumorvan.com\/de\/wp-json\/wp\/v2\/pages"}],"about":[{"href":"https:\/\/campinglaforetdumorvan.com\/de\/wp-json\/wp\/v2\/types\/page"}],"author":[{"embeddable":true,"href":"https:\/\/campinglaforetdumorvan.com\/de\/wp-json\/wp\/v2\/users\/1"}],"replies":[{"embeddable":true,"href":"https:\/\/campinglaforetdumorvan.com\/de\/wp-json\/wp\/v2\/comments?post=908"}],"version-history":[{"count":295,"href":"https:\/\/campinglaforetdumorvan.com\/de\/wp-json\/wp\/v2\/pages\/908\/revisions"}],"predecessor-version":[{"id":2531,"href":"https:\/\/campinglaforetdumorvan.com\/de\/wp-json\/wp\/v2\/pages\/908\/revisions\/2531"}],"wp:attachment":[{"href":"https:\/\/campinglaforetdumorvan.com\/de\/wp-json\/wp\/v2\/media?parent=908"}],"curies":[{"name":"wp","href":"https:\/\/api.w.org\/{rel}","templated":true}]}}