{"id":290,"date":"2021-02-24T19:30:18","date_gmt":"2021-02-24T19:30:18","guid":{"rendered":"https:\/\/campinglaforetdumorvan.com\/?page_id=290"},"modified":"2026-09-02T11:50:19","modified_gmt":"2026-09-02T09:50:19","slug":"camping","status":"publish","type":"page","link":"https:\/\/campinglaforetdumorvan.com\/de\/camping\/","title":{"rendered":"Camping"},"content":{"rendered":"<div data-elementor-type=\"wp-page\" data-elementor-id=\"290\" class=\"elementor elementor-290\" data-elementor-post-type=\"page\">\n\t\t\t\t\t\t<section class=\"elementor-section elementor-top-section elementor-element elementor-element-d0ce0c7 elementor-section-boxed elementor-section-height-default elementor-section-height-default\" data-id=\"d0ce0c7\" data-element_type=\"section\" data-e-type=\"section\" data-settings=\"{&quot;background_background&quot;:&quot;classic&quot;}\">\n\t\t\t\t\t\t<div class=\"elementor-container elementor-column-gap-default\">\n\t\t\t\t\t<div class=\"elementor-column elementor-col-100 elementor-top-column elementor-element elementor-element-91ed5dc\" data-id=\"91ed5dc\" data-element_type=\"column\" data-e-type=\"column\">\n\t\t\t<div class=\"elementor-widget-wrap\">\n\t\t\t\t\t\t\t<\/div>\n\t\t<\/div>\n\t\t\t\t\t<\/div>\n\t\t<\/section>\n\t\t\t\t<section class=\"elementor-section elementor-top-section elementor-element elementor-element-0de940b elementor-section-boxed elementor-section-height-default elementor-section-height-default\" data-id=\"0de940b\" data-element_type=\"section\" data-e-type=\"section\" data-settings=\"{&quot;background_background&quot;:&quot;classic&quot;}\">\n\t\t\t\t\t\t<div class=\"elementor-container elementor-column-gap-default\">\n\t\t\t\t\t<div class=\"elementor-column elementor-col-50 elementor-top-column elementor-element elementor-element-51f9cd4\" data-id=\"51f9cd4\" data-element_type=\"column\" data-e-type=\"column\">\n\t\t\t<div class=\"elementor-widget-wrap elementor-element-populated\">\n\t\t\t\t\t\t<div class=\"elementor-element elementor-element-88aa986 elementor-widget elementor-widget-heading\" data-id=\"88aa986\" data-element_type=\"widget\" data-e-type=\"widget\" data-widget_type=\"heading.default\">\n\t\t\t\t<div class=\"elementor-widget-container\">\n\t\t\t\t\t<h1 class=\"elementor-heading-title elementor-size-large\">Camping La For\u00eat Du Morvan<\/h1>\t\t\t\t<\/div>\n\t\t\t\t<\/div>\n\t\t\t\t<div class=\"elementor-element elementor-element-76df4db elementor-widget elementor-widget-text-editor\" data-id=\"76df4db\" data-element_type=\"widget\" data-e-type=\"widget\" data-widget_type=\"text-editor.default\">\n\t\t\t\t<div class=\"elementor-widget-container\">\n\t\t\t\t\t\t\t\t\t<p>La For\u00eat du Morvan is een gezinscamping op een voormalige boerderij met ongeveer 4 hectare bos en 6 hectare weiland. Wij hebben 25 plaatsen voor u ter beschikking. Hiervan is een aantal bezet door volledig ingerichte piramidetenten.<\/p><p>Die Pl\u00e4tze sind sehr gro\u00dfz\u00fcgig und jedes Zelt bietet Aussicht \u00fcber eine weite Landschaft. Der Campingplatz liegt an einem S\u00fcdhang und hat dadurch vollauf Sonne.<\/p><p>Der Campingplatz ist perfekt f\u00fcr Familien mit (kleinen) Kindern. Der Campingplatz geh\u00f6rt der Familie Hoekstra. Diese niederl\u00e4ndische Familie bietet Ihnen einen unvergesslichen Urlaub!<\/p>\t\t\t\t\t\t\t\t<\/div>\n\t\t\t\t<\/div>\n\t\t\t\t\t<\/div>\n\t\t<\/div>\n\t\t\t\t<div class=\"elementor-column elementor-col-50 elementor-top-column elementor-element elementor-element-62a67d2\" data-id=\"62a67d2\" data-element_type=\"column\" data-e-type=\"column\">\n\t\t\t<div class=\"elementor-widget-wrap elementor-element-populated\">\n\t\t\t\t\t\t<div class=\"elementor-element elementor-element-de50052 elementor-cta--skin-cover elementor-animated-content elementor-bg-transform elementor-bg-transform-zoom-in elementor-widget elementor-widget-call-to-action\" data-id=\"de50052\" data-element_type=\"widget\" data-e-type=\"widget\" data-widget_type=\"call-to-action.default\">\n\t\t\t\t<div class=\"elementor-widget-container\">\n\t\t\t\t\t\t\t<a class=\"elementor-cta\" href=\"https:\/\/www.flickr.com\/photos\/147192622@N05\/albums\" target=\"_blank\">\n\t\t\t\t\t<div class=\"elementor-cta__bg-wrapper\">\n\t\t\t\t<div class=\"elementor-cta__bg elementor-bg\" style=\"background-image: url(https:\/\/campinglaforetdumorvan.com\/wp-content\/uploads\/2021\/02\/LaForet_Camping04a.png);\" role=\"img\" aria-label=\"LaForet_Camping04a\"><\/div>\n\t\t\t\t<div class=\"elementor-cta__bg-overlay\"><\/div>\n\t\t\t<\/div>\n\t\t\t\t\t\t\t<div class=\"elementor-cta__content\">\n\t\t\t\t\n\t\t\t\t\t\t\t\t\t<h2 class=\"elementor-cta__title elementor-cta__content-item elementor-content-item elementor-animated-item--grow\">\n\t\t\t\t\t\tSehen unser Fotoalbum\t\t\t\t\t<\/h2>\n\t\t\t\t\n\t\t\t\t\n\t\t\t\t\t\t\t\t\t<div class=\"elementor-cta__button-wrapper elementor-cta__content-item elementor-content-item elementor-animated-item--grow\">\n\t\t\t\t\t<span class=\"elementor-cta__button elementor-button elementor-size-\">\n\t\t\t\t\t\tFotoalbum\t\t\t\t\t<\/span>\n\t\t\t\t\t<\/div>\n\t\t\t\t\t\t\t<\/div>\n\t\t\t\t\t\t<\/a>\n\t\t\t\t\t\t<\/div>\n\t\t\t\t<\/div>\n\t\t\t\t\t<\/div>\n\t\t<\/div>\n\t\t\t\t\t<\/div>\n\t\t<\/section>\n\t\t\t\t<section class=\"elementor-section elementor-top-section elementor-element elementor-element-70f34f1 elementor-section-boxed elementor-section-height-default elementor-section-height-default\" data-id=\"70f34f1\" data-element_type=\"section\" data-e-type=\"section\" data-settings=\"{&quot;background_background&quot;:&quot;classic&quot;}\">\n\t\t\t\t\t\t<div class=\"elementor-container elementor-column-gap-default\">\n\t\t\t\t\t<div class=\"elementor-column elementor-col-50 elementor-top-column elementor-element elementor-element-cb1c20a\" data-id=\"cb1c20a\" data-element_type=\"column\" data-e-type=\"column\">\n\t\t\t<div class=\"elementor-widget-wrap elementor-element-populated\">\n\t\t\t\t\t\t<div class=\"elementor-element elementor-element-22fb1af elementor-widget elementor-widget-heading\" data-id=\"22fb1af\" data-element_type=\"widget\" data-e-type=\"widget\" data-widget_type=\"heading.default\">\n\t\t\t\t<div class=\"elementor-widget-container\">\n\t\t\t\t\t<h2 class=\"elementor-heading-title elementor-size-medium\">F\u00fcr Jung und Alt viele Aktivit\u00e4ten<\/h2>\t\t\t\t<\/div>\n\t\t\t\t<\/div>\n\t\t\t\t<div class=\"elementor-element elementor-element-a0bf057 elementor-icon-list--layout-traditional elementor-list-item-link-full_width elementor-widget elementor-widget-icon-list\" data-id=\"a0bf057\" data-element_type=\"widget\" data-e-type=\"widget\" data-widget_type=\"icon-list.default\">\n\t\t\t\t<div class=\"elementor-widget-container\">\n\t\t\t\t\t\t\t<ul class=\"elementor-icon-list-items\">\n\t\t\t\t\t\t\t<li class=\"elementor-icon-list-item\">\n\t\t\t\t\t\t\t\t\t\t\t<span class=\"elementor-icon-list-icon\">\n\t\t\t\t\t\t\t<i aria-hidden=\"true\" class=\"fas fa-check\"><\/i>\t\t\t\t\t\t<\/span>\n\t\t\t\t\t\t\t\t\t\t<span class=\"elementor-icon-list-text\">Speeltuin met tafeltennistafel, schommel en een klimhuisje. <br>En bij het zwemmeer een trampoline.<\/span>\n\t\t\t\t\t\t\t\t\t<\/li>\n\t\t\t\t\t\t\t\t<li class=\"elementor-icon-list-item\">\n\t\t\t\t\t\t\t\t\t\t\t<span class=\"elementor-icon-list-icon\">\n\t\t\t\t\t\t\t<i aria-hidden=\"true\" class=\"fas fa-check\"><\/i>\t\t\t\t\t\t<\/span>\n\t\t\t\t\t\t\t\t\t\t<span class=\"elementor-icon-list-text\">Zwemmeer met waterglijbaan, deze wordt in de zomer elke twee weken op kwaliteit getest door de overheidsinstanties<\/span>\n\t\t\t\t\t\t\t\t\t<\/li>\n\t\t\t\t\t\t\t\t<li class=\"elementor-icon-list-item\">\n\t\t\t\t\t\t\t\t\t\t\t<span class=\"elementor-icon-list-icon\">\n\t\t\t\t\t\t\t<i aria-hidden=\"true\" class=\"fas fa-check\"><\/i>\t\t\t\t\t\t<\/span>\n\t\t\t\t\t\t\t\t\t\t<span class=\"elementor-icon-list-text\">Eine Spielscheune mit Heuboden<\/span>\n\t\t\t\t\t\t\t\t\t<\/li>\n\t\t\t\t\t\t\t\t<li class=\"elementor-icon-list-item\">\n\t\t\t\t\t\t\t\t\t\t\t<span class=\"elementor-icon-list-icon\">\n\t\t\t\t\t\t\t<i aria-hidden=\"true\" class=\"fas fa-check\"><\/i>\t\t\t\t\t\t<\/span>\n\t\t\t\t\t\t\t\t\t\t<span class=\"elementor-icon-list-text\">Overdekte spelruimtes met tafeltennis, voetbalspel, tafelbiljart en meer<\/span>\n\t\t\t\t\t\t\t\t\t<\/li>\n\t\t\t\t\t\t\t\t<li class=\"elementor-icon-list-item\">\n\t\t\t\t\t\t\t\t\t\t\t<span class=\"elementor-icon-list-icon\">\n\t\t\t\t\t\t\t<i aria-hidden=\"true\" class=\"fas fa-check\"><\/i>\t\t\t\t\t\t<\/span>\n\t\t\t\t\t\t\t\t\t\t<span class=\"elementor-icon-list-text\">Treffpunkt f\u00fcr junge Leute<\/span>\n\t\t\t\t\t\t\t\t\t<\/li>\n\t\t\t\t\t\t\t\t<li class=\"elementor-icon-list-item\">\n\t\t\t\t\t\t\t\t\t\t\t<span class=\"elementor-icon-list-icon\">\n\t\t\t\t\t\t\t<i aria-hidden=\"true\" class=\"fas fa-check\"><\/i>\t\t\t\t\t\t<\/span>\n\t\t\t\t\t\t\t\t\t\t<span class=\"elementor-icon-list-text\">Im Sommer haben wir einmal pro Woche (Kinder)Disko oder Livegesang<\/span>\n\t\t\t\t\t\t\t\t\t<\/li>\n\t\t\t\t\t\t\t\t<li class=\"elementor-icon-list-item\">\n\t\t\t\t\t\t\t\t\t\t\t<span class=\"elementor-icon-list-icon\">\n\t\t\t\t\t\t\t<i aria-hidden=\"true\" class=\"fas fa-check\"><\/i>\t\t\t\t\t\t<\/span>\n\t\t\t\t\t\t\t\t\t\t<span class=\"elementor-icon-list-text\">T\u00e4glich basteln f\u00fcr Kindern<\/span>\n\t\t\t\t\t\t\t\t\t<\/li>\n\t\t\t\t\t\t<\/ul>\n\t\t\t\t\t\t<\/div>\n\t\t\t\t<\/div>\n\t\t\t\t\t<\/div>\n\t\t<\/div>\n\t\t\t\t<div class=\"elementor-column elementor-col-50 elementor-top-column elementor-element elementor-element-35bfcb8\" data-id=\"35bfcb8\" data-element_type=\"column\" data-e-type=\"column\">\n\t\t\t<div class=\"elementor-widget-wrap elementor-element-populated\">\n\t\t\t\t\t\t<div class=\"elementor-element elementor-element-b334c6f elementor-icon-list--layout-traditional elementor-list-item-link-full_width elementor-widget elementor-widget-icon-list\" data-id=\"b334c6f\" data-element_type=\"widget\" data-e-type=\"widget\" data-widget_type=\"icon-list.default\">\n\t\t\t\t<div class=\"elementor-widget-container\">\n\t\t\t\t\t\t\t<ul class=\"elementor-icon-list-items\">\n\t\t\t\t\t\t\t<li class=\"elementor-icon-list-item\">\n\t\t\t\t\t\t\t\t\t\t\t<span class=\"elementor-icon-list-icon\">\n\t\t\t\t\t\t\t<i aria-hidden=\"true\" class=\"fas fa-check\"><\/i>\t\t\t\t\t\t<\/span>\n\t\t\t\t\t\t\t\t\t\t<span class=\"elementor-icon-list-text\">Winkeltje met voedingsmiddelen en diverse non-foodartikelen, dagelijks vers brood en een zelfbedieningsbar<\/span>\n\t\t\t\t\t\t\t\t\t<\/li>\n\t\t\t\t\t\t\t\t<li class=\"elementor-icon-list-item\">\n\t\t\t\t\t\t\t\t\t\t\t<span class=\"elementor-icon-list-icon\">\n\t\t\t\t\t\t\t<i aria-hidden=\"true\" class=\"fas fa-check\"><\/i>\t\t\t\t\t\t<\/span>\n\t\t\t\t\t\t\t\t\t\t<span class=\"elementor-icon-list-text\">Kleine bibliotheek en overdekte zitruimte met met gratis WiFi <\/span>\n\t\t\t\t\t\t\t\t\t<\/li>\n\t\t\t\t\t\t\t\t<li class=\"elementor-icon-list-item\">\n\t\t\t\t\t\t\t\t\t\t\t<span class=\"elementor-icon-list-icon\">\n\t\t\t\t\t\t\t<i aria-hidden=\"true\" class=\"fas fa-check\"><\/i>\t\t\t\t\t\t<\/span>\n\t\t\t\t\t\t\t\t\t\t<span class=\"elementor-icon-list-text\">Zweimal pro Woche table d'h\u00f4te<\/span>\n\t\t\t\t\t\t\t\t\t<\/li>\n\t\t\t\t\t\t\t\t<li class=\"elementor-icon-list-item\">\n\t\t\t\t\t\t\t\t\t\t\t<span class=\"elementor-icon-list-icon\">\n\t\t\t\t\t\t\t<i aria-hidden=\"true\" class=\"fas fa-check\"><\/i>\t\t\t\t\t\t<\/span>\n\t\t\t\t\t\t\t\t\t\t<span class=\"elementor-icon-list-text\">Jeden Sonntagabend Pizza machen<\/span>\n\t\t\t\t\t\t\t\t\t<\/li>\n\t\t\t\t\t\t\t\t<li class=\"elementor-icon-list-item\">\n\t\t\t\t\t\t\t\t\t\t\t<span class=\"elementor-icon-list-icon\">\n\t\t\t\t\t\t\t<i aria-hidden=\"true\" class=\"fas fa-check\"><\/i>\t\t\t\t\t\t<\/span>\n\t\t\t\t\t\t\t\t\t\t<span class=\"elementor-icon-list-text\">Abendaktivit\u00e4ten wie Lagerfeuer und Spiele im Wald<\/span>\n\t\t\t\t\t\t\t\t\t<\/li>\n\t\t\t\t\t\t\t\t<li class=\"elementor-icon-list-item\">\n\t\t\t\t\t\t\t\t\t\t\t<span class=\"elementor-icon-list-icon\">\n\t\t\t\t\t\t\t<i aria-hidden=\"true\" class=\"fas fa-check\"><\/i>\t\t\t\t\t\t<\/span>\n\t\t\t\t\t\t\t\t\t\t<span class=\"elementor-icon-list-text\">Karaoke bei Interesse<\/span>\n\t\t\t\t\t\t\t\t\t<\/li>\n\t\t\t\t\t\t\t\t<li class=\"elementor-icon-list-item\">\n\t\t\t\t\t\t\t\t\t\t\t<span class=\"elementor-icon-list-icon\">\n\t\t\t\t\t\t\t<i aria-hidden=\"true\" class=\"fas fa-check\"><\/i>\t\t\t\t\t\t<\/span>\n\t\t\t\t\t\t\t\t\t\t<span class=\"elementor-icon-list-text\">Sport- und Spielaktivit\u00e4ten f\u00fcr Kinder und Erwachsene<\/span>\n\t\t\t\t\t\t\t\t\t<\/li>\n\t\t\t\t\t\t<\/ul>\n\t\t\t\t\t\t<\/div>\n\t\t\t\t<\/div>\n\t\t\t\t\t<\/div>\n\t\t<\/div>\n\t\t\t\t\t<\/div>\n\t\t<\/section>\n\t\t\t\t<section class=\"elementor-section elementor-top-section elementor-element elementor-element-34b1a9b elementor-section-boxed elementor-section-height-default elementor-section-height-default\" data-id=\"34b1a9b\" data-element_type=\"section\" data-e-type=\"section\" data-settings=\"{&quot;background_background&quot;:&quot;classic&quot;}\">\n\t\t\t\t\t\t<div class=\"elementor-container elementor-column-gap-default\">\n\t\t\t\t\t<div class=\"elementor-column elementor-col-50 elementor-top-column elementor-element elementor-element-6d1a59e\" data-id=\"6d1a59e\" data-element_type=\"column\" data-e-type=\"column\">\n\t\t\t<div class=\"elementor-widget-wrap elementor-element-populated\">\n\t\t\t\t\t\t<div class=\"elementor-element elementor-element-e1c6b41 elementor-widget elementor-widget-image\" data-id=\"e1c6b41\" data-element_type=\"widget\" data-e-type=\"widget\" data-widget_type=\"image.default\">\n\t\t\t\t<div class=\"elementor-widget-container\">\n\t\t\t\t\t\t\t\t\t\t\t\t\t\t\t<img fetchpriority=\"high\" decoding=\"async\" width=\"800\" height=\"532\" src=\"https:\/\/campinglaforetdumorvan.com\/wp-content\/uploads\/2021\/02\/LaForet_Camping_06.jpg\" class=\"attachment-large size-large wp-image-321\" alt=\"\" srcset=\"https:\/\/campinglaforetdumorvan.com\/wp-content\/uploads\/2021\/02\/LaForet_Camping_06.jpg 1024w, https:\/\/campinglaforetdumorvan.com\/wp-content\/uploads\/2021\/02\/LaForet_Camping_06-300x200.jpg 300w, https:\/\/campinglaforetdumorvan.com\/wp-content\/uploads\/2021\/02\/LaForet_Camping_06-768x511.jpg 768w\" sizes=\"(max-width: 800px) 100vw, 800px\" \/>\t\t\t\t\t\t\t\t\t\t\t\t\t\t\t<\/div>\n\t\t\t\t<\/div>\n\t\t\t\t\t<\/div>\n\t\t<\/div>\n\t\t\t\t<div class=\"elementor-column elementor-col-50 elementor-top-column elementor-element elementor-element-4041fbe\" data-id=\"4041fbe\" data-element_type=\"column\" data-e-type=\"column\">\n\t\t\t<div class=\"elementor-widget-wrap elementor-element-populated\">\n\t\t\t\t\t\t<div class=\"elementor-element elementor-element-2ff6fc8 elementor-widget elementor-widget-heading\" data-id=\"2ff6fc8\" data-element_type=\"widget\" data-e-type=\"widget\" data-widget_type=\"heading.default\">\n\t\t\t\t<div class=\"elementor-widget-container\">\n\t\t\t\t\t<h2 class=\"elementor-heading-title elementor-size-medium\"><span style=\"font-family: Alata, sans-serif;font-size: 17px;font-weight: 700\">Einrichtungen auf dem Campingplatz<\/span><\/h2>\t\t\t\t<\/div>\n\t\t\t\t<\/div>\n\t\t\t\t<div class=\"elementor-element elementor-element-885ae18 elementor-widget elementor-widget-text-editor\" data-id=\"885ae18\" data-element_type=\"widget\" data-e-type=\"widget\" data-widget_type=\"text-editor.default\">\n\t\t\t\t<div class=\"elementor-widget-container\">\n\t\t\t\t\t\t\t\t\t<p><strong>Mietgegenst\u00e4nde<br \/><\/strong>Es gibt verschiedene Gegenst\u00e4nde zum Mieten wie: Bettw\u00e4sche, Bettdecken und Bettbez\u00fcge, Handt\u00fccher, Kinderbett, Hochstuhl, K\u00fchlschrank, Picknicktisch, Regenschirm.<\/p><p><strong>Pers\u00f6nliche sanit\u00e4re Einrichtungen<br \/><\/strong>Wenn Sie w\u00fcnschen, steht Ihnen in einer unserer Scheunen ein ger\u00e4umiger \u201eeigener\u201c Sanit\u00e4rraum zur Verf\u00fcgung. Dort finden Sie eine Toilette, eine Sp\u00fcle mit warmem und kaltem Wasser sowie eine Dusche. Es gibt auch eine Babywanne.<\/p><p><strong>Laden Sie Ihr Elektroauto<br \/><\/strong>Es ist m\u00f6glich, Ihr Elektroauto auf dem Campingplatz aufzuladen (16A)<\/p>\t\t\t\t\t\t\t\t<\/div>\n\t\t\t\t<\/div>\n\t\t\t\t\t<\/div>\n\t\t<\/div>\n\t\t\t\t\t<\/div>\n\t\t<\/section>\n\t\t\t\t<section class=\"elementor-section elementor-top-section elementor-element elementor-element-72b5ba9 elementor-section-boxed elementor-section-height-default elementor-section-height-default\" data-id=\"72b5ba9\" data-element_type=\"section\" data-e-type=\"section\" data-settings=\"{&quot;background_background&quot;:&quot;classic&quot;}\">\n\t\t\t\t\t\t<div class=\"elementor-container elementor-column-gap-default\">\n\t\t\t\t\t<div class=\"elementor-column elementor-col-50 elementor-top-column elementor-element elementor-element-12bae6b\" data-id=\"12bae6b\" data-element_type=\"column\" data-e-type=\"column\">\n\t\t\t<div class=\"elementor-widget-wrap elementor-element-populated\">\n\t\t\t\t\t\t<div class=\"elementor-element elementor-element-924b560 elementor-widget elementor-widget-text-editor\" data-id=\"924b560\" data-element_type=\"widget\" data-e-type=\"widget\" data-widget_type=\"text-editor.default\">\n\t\t\t\t<div class=\"elementor-widget-container\">\n\t\t\t\t\t\t\t\t\t<p>Weg zum Campingplatz<\/p><p>\u00a0<\/p>\t\t\t\t\t\t\t\t<\/div>\n\t\t\t\t<\/div>\n\t\t\t\t<div class=\"elementor-element elementor-element-fbb890f elementor-widget elementor-widget-toggle\" data-id=\"fbb890f\" data-element_type=\"widget\" data-e-type=\"widget\" data-widget_type=\"toggle.default\">\n\t\t\t\t<div class=\"elementor-widget-container\">\n\t\t\t\t\t\t\t<div class=\"elementor-toggle\">\n\t\t\t\t\t\t\t<div class=\"elementor-toggle-item\">\n\t\t\t\t\t<div id=\"elementor-tab-title-2631\" class=\"elementor-tab-title\" data-tab=\"1\" role=\"button\" aria-controls=\"elementor-tab-content-2631\" aria-expanded=\"false\">\n\t\t\t\t\t\t\t\t\t\t\t\t<span class=\"elementor-toggle-icon elementor-toggle-icon-left\" aria-hidden=\"true\">\n\t\t\t\t\t\t\t\t\t\t\t\t\t\t\t<span class=\"elementor-toggle-icon-closed\"><i class=\"fas fa-caret-right\"><\/i><\/span>\n\t\t\t\t\t\t\t\t<span class=\"elementor-toggle-icon-opened\"><i class=\"elementor-toggle-icon-opened fas fa-caret-up\"><\/i><\/span>\n\t\t\t\t\t\t\t\t\t\t\t\t\t<\/span>\n\t\t\t\t\t\t\t\t\t\t\t\t<a class=\"elementor-toggle-title\" tabindex=\"0\">Die Niederlande<\/a>\n\t\t\t\t\t<\/div>\n\n\t\t\t\t\t<div id=\"elementor-tab-content-2631\" class=\"elementor-tab-content elementor-clearfix\" data-tab=\"1\" role=\"region\" aria-labelledby=\"elementor-tab-title-2631\"><ul><li><strong>via PARIJS :<br \/><\/strong>&#8211; A6 Autoroute du soleil<br \/>&#8211; uitrit POUILLY EN AUXOIS<br \/>&#8211; N81 richting AUTUN<br \/>&#8211; LUZY. <br \/><strong><br \/><\/strong><\/li><li><strong>via PARIJS :<\/strong><br \/>&#8211; A6, A77 tot NEVERS<br \/>&#8211; N81 richting DECIZE<br \/>&#8211; LUZY<p>\u00a0 \u00a0in Luzy houdt u de richting Chateau Chinon aan (D27) Blijf op deze weg, daar vindt u ongeveer 4 km noordelijk van Larochemillay\u00a0 de camping aan de rechterkant van de weg. U h<span style=\"background-color: transparent;\">\u00a0<\/span><\/p><\/li><li><strong>via LUXEMBURG :<\/strong><br \/>&#8211; A31 richting METZ<br \/>&#8211; NANCY<br \/>&#8211; DIJON<br \/>&#8211; uitrit BEAUNE<br \/>&#8211; D973 tot AUTUN<br \/>&#8211; N81 tot LUZY.<\/li><li>\u00a0<\/li><li>\u00a0<b><span lang=\"FR\" style=\"font-size: 12.0pt; line-height: 115%; font-family: 'Aptos',sans-serif; mso-ascii-theme-font: minor-latin; mso-fareast-font-family: Aptos; mso-fareast-theme-font: minor-latin; mso-hansi-theme-font: minor-latin; mso-bidi-font-family: 'Times New Roman'; mso-bidi-theme-font: minor-bidi; mso-ansi-language: FR; mso-fareast-language: EN-US; mso-bidi-language: AR-SA;\">via LYON :<\/span><\/b><span lang=\"FR\" style=\"font-size: 12.0pt; line-height: 115%; font-family: 'Aptos',sans-serif; mso-ascii-theme-font: minor-latin; mso-fareast-font-family: Aptos; mso-fareast-theme-font: minor-latin; mso-hansi-theme-font: minor-latin; mso-bidi-font-family: 'Times New Roman'; mso-bidi-theme-font: minor-bidi; mso-ansi-language: FR; mso-fareast-language: EN-US; mso-bidi-language: AR-SA;\"><br \/>\u2013 A6<br \/>\u2013 uitrit 26 CHALON SUR SAONE SUD<br \/>\u2013 N80 richting LE CREUSOT<br \/>\u2013 vervolg de weg richting LE CREUSOT<\/span><\/li><li><span lang=\"FR\" style=\"font-size: 12.0pt; line-height: 115%; font-family: 'Aptos',sans-serif; mso-ascii-theme-font: minor-latin; mso-fareast-font-family: Aptos; mso-fareast-theme-font: minor-latin; mso-hansi-theme-font: minor-latin; mso-bidi-font-family: 'Times New Roman'; mso-bidi-theme-font: minor-bidi; mso-ansi-language: FR; mso-fareast-language: EN-US; mso-bidi-language: AR-SA;\">\u2013 bij de 3E rotonde richting AUTUN in marmagne richting Etang sur Arroux, daar houdt u richting Luzy aan.<\/span><\/li><li><span lang=\"FR\" style=\"font-size: 12.0pt; line-height: 115%; font-family: 'Aptos',sans-serif; mso-ascii-theme-font: minor-latin; mso-fareast-font-family: Aptos; mso-fareast-theme-font: minor-latin; mso-hansi-theme-font: minor-latin; mso-bidi-font-family: 'Times New Roman'; mso-bidi-theme-font: minor-bidi; mso-ansi-language: FR; mso-fareast-language: EN-US; mso-bidi-language: AR-SA;\">Op de N81 neemt u de afslag richting Larochemillay, daar staat de camping aan gegeven.\u00a0<\/span><\/li><li>In luzy houdt u richting Chateau Chinon aan (D27) Aan deze weg ongeveer 5 km noordelijk van Larochemillay vindt u de camping aan de rechterkant van de weg<\/li><\/ul><\/div>\n\t\t\t\t<\/div>\n\t\t\t\t\t\t\t\t<\/div>\n\t\t\t\t\t\t<\/div>\n\t\t\t\t<\/div>\n\t\t\t\t<div class=\"elementor-element elementor-element-4b3e037 elementor-widget elementor-widget-toggle\" data-id=\"4b3e037\" data-element_type=\"widget\" data-e-type=\"widget\" data-widget_type=\"toggle.default\">\n\t\t\t\t<div class=\"elementor-widget-container\">\n\t\t\t\t\t\t\t<div class=\"elementor-toggle\">\n\t\t\t\t\t\t\t<div class=\"elementor-toggle-item\">\n\t\t\t\t\t<div id=\"elementor-tab-title-7881\" class=\"elementor-tab-title\" data-tab=\"1\" role=\"button\" aria-controls=\"elementor-tab-content-7881\" aria-expanded=\"false\">\n\t\t\t\t\t\t\t\t\t\t\t\t<span class=\"elementor-toggle-icon elementor-toggle-icon-left\" aria-hidden=\"true\">\n\t\t\t\t\t\t\t\t\t\t\t\t\t\t\t<span class=\"elementor-toggle-icon-closed\"><i class=\"fas fa-caret-right\"><\/i><\/span>\n\t\t\t\t\t\t\t\t<span class=\"elementor-toggle-icon-opened\"><i class=\"elementor-toggle-icon-opened fas fa-caret-up\"><\/i><\/span>\n\t\t\t\t\t\t\t\t\t\t\t\t\t<\/span>\n\t\t\t\t\t\t\t\t\t\t\t\t<a class=\"elementor-toggle-title\" tabindex=\"0\">Die Niederlande<\/a>\n\t\t\t\t\t<\/div>\n\n\t\t\t\t\t<div id=\"elementor-tab-content-7881\" class=\"elementor-tab-content elementor-clearfix\" data-tab=\"1\" role=\"region\" aria-labelledby=\"elementor-tab-title-7881\"><ul>\n<li><strong>via PARIJS :<br><\/strong>&#8211; A6 Autoroute du soleil<br>&#8211; uitrit POUILLY EN AUXOIS<br>&#8211; N81 richting AUTUN<br>&#8211; LUZY. <br><strong><br><\/strong><\/li>\n<li><strong>via PARIJS :<\/strong><br>&#8211; A6, A77 tot NEVERS<br>&#8211; N81 richting DECIZE<br>&#8211; LUZY\n<p>&nbsp; &nbsp;in Luzy houdt u de richting Chateau Chinon aan (D27) Blijf op deze weg, daar vindt u ongeveer 4 km noordelijk van Larochemillay&nbsp; de camping aan de rechterkant van de weg. U h<span style=\"background-color: transparent;\">&nbsp;<\/span><\/p><\/li>\n<li><strong>via LUXEMBURG :<\/strong><br>&#8211; A31 richting METZ<br>&#8211; NANCY<br>&#8211; DIJON<br>&#8211; uitrit BEAUNE<br>&#8211; D973 tot AUTUN<br>&#8211; N81 tot LUZY.<\/li>\n<li>&nbsp;<b><span lang=\"FR\" style=\"font-size: 12.0pt; line-height: 115%; font-family: 'Aptos',sans-serif; mso-ascii-theme-font: minor-latin; mso-fareast-font-family: Aptos; mso-fareast-theme-font: minor-latin; mso-hansi-theme-font: minor-latin; mso-bidi-font-family: 'Times New Roman'; mso-bidi-theme-font: minor-bidi; mso-ansi-language: FR; mso-fareast-language: EN-US; mso-bidi-language: AR-SA;\">via LYON :<\/span><\/b><span lang=\"FR\" style=\"font-size: 12.0pt; line-height: 115%; font-family: 'Aptos',sans-serif; mso-ascii-theme-font: minor-latin; mso-fareast-font-family: Aptos; mso-fareast-theme-font: minor-latin; mso-hansi-theme-font: minor-latin; mso-bidi-font-family: 'Times New Roman'; mso-bidi-theme-font: minor-bidi; mso-ansi-language: FR; mso-fareast-language: EN-US; mso-bidi-language: AR-SA;\"><br>\u2013 A6<br>\u2013 uitrit 26 CHALON SUR SAONE SUD<br>\u2013 N80 richting LE CREUSOT<br>\u2013 vervolg de weg richting LE CREUSOT<\/span><\/li>\n<li><span lang=\"FR\" style=\"font-size: 12.0pt; line-height: 115%; font-family: 'Aptos',sans-serif; mso-ascii-theme-font: minor-latin; mso-fareast-font-family: Aptos; mso-fareast-theme-font: minor-latin; mso-hansi-theme-font: minor-latin; mso-bidi-font-family: 'Times New Roman'; mso-bidi-theme-font: minor-bidi; mso-ansi-language: FR; mso-fareast-language: EN-US; mso-bidi-language: AR-SA;\">\u2013 bij de 3E rotonde richting AUTUN in marmagne richting Etang sur Arroux, daar houdt u richting Luzy aan.<\/span><\/li>\n<li><span lang=\"FR\" style=\"font-size: 12.0pt; line-height: 115%; font-family: 'Aptos',sans-serif; mso-ascii-theme-font: minor-latin; mso-fareast-font-family: Aptos; mso-fareast-theme-font: minor-latin; mso-hansi-theme-font: minor-latin; mso-bidi-font-family: 'Times New Roman'; mso-bidi-theme-font: minor-bidi; mso-ansi-language: FR; mso-fareast-language: EN-US; mso-bidi-language: AR-SA;\">Op de N81 neemt u de afslag richting Larochemillay, daar staat de camping aan gegeven.&nbsp;<\/span><\/li>\n<li>In luzy houdt u richting Chateau Chinon aan (D27) Aan deze weg ongeveer 5 km noordelijk van Larochemillay vindt u de camping aan de rechterkant van de weg<\/li>\n<\/ul><\/div>\n\t\t\t\t<\/div>\n\t\t\t\t\t\t\t\t<\/div>\n\t\t\t\t\t\t<\/div>\n\t\t\t\t<\/div>\n\t\t\t\t<div class=\"elementor-element elementor-element-4e883fe elementor-widget elementor-widget-text-editor\" data-id=\"4e883fe\" data-element_type=\"widget\" data-e-type=\"widget\" data-widget_type=\"text-editor.default\">\n\t\t\t\t<div class=\"elementor-widget-container\">\n\t\t\t\t\t\t\t\t\t<p>Route GPS: <strong>46\u00b054&#8217;09.59\u00b0 N 3\u00b059&#8217;55.65\u00b0E<\/strong><\/p>\t\t\t\t\t\t\t\t<\/div>\n\t\t\t\t<\/div>\n\t\t\t\t\t<\/div>\n\t\t<\/div>\n\t\t\t\t<div class=\"elementor-column elementor-col-50 elementor-top-column elementor-element elementor-element-fec5e91\" data-id=\"fec5e91\" data-element_type=\"column\" data-e-type=\"column\">\n\t\t\t<div class=\"elementor-widget-wrap elementor-element-populated\">\n\t\t\t\t\t\t<div class=\"elementor-element elementor-element-3fe496e elementor-widget elementor-widget-image\" data-id=\"3fe496e\" data-element_type=\"widget\" data-e-type=\"widget\" data-widget_type=\"image.default\">\n\t\t\t\t<div class=\"elementor-widget-container\">\n\t\t\t\t\t\t\t\t\t\t\t\t\t\t\t<img decoding=\"async\" width=\"768\" height=\"576\" src=\"https:\/\/campinglaforetdumorvan.com\/wp-content\/uploads\/2021\/02\/LaForet_Camping13-768x576.jpg\" class=\"attachment-medium_large size-medium_large wp-image-582\" alt=\"\" srcset=\"https:\/\/campinglaforetdumorvan.com\/wp-content\/uploads\/2021\/02\/LaForet_Camping13-768x576.jpg 768w, https:\/\/campinglaforetdumorvan.com\/wp-content\/uploads\/2021\/02\/LaForet_Camping13-300x225.jpg 300w, https:\/\/campinglaforetdumorvan.com\/wp-content\/uploads\/2021\/02\/LaForet_Camping13.jpg 1024w\" sizes=\"(max-width: 768px) 100vw, 768px\" \/>\t\t\t\t\t\t\t\t\t\t\t\t\t\t\t<\/div>\n\t\t\t\t<\/div>\n\t\t\t\t\t<\/div>\n\t\t<\/div>\n\t\t\t\t\t<\/div>\n\t\t<\/section>\n\t\t\t\t<\/div>","protected":false},"excerpt":{"rendered":"<p>Camping La For\u00eat Du Morvan La For\u00eat du Morvan is een gezinscamping op een voormalige boerderij met ongeveer 4 hectare bos en 6 hectare weiland. Wij hebben 25 plaatsen voor u ter beschikking. Hiervan is een aantal bezet door volledig ingerichte piramidetenten. De plaatsen zijn zeer ruim en en iedere tent heeft uitzicht over een [&hellip;]<\/p>\n","protected":false},"author":1,"featured_media":0,"parent":0,"menu_order":0,"comment_status":"closed","ping_status":"closed","template":"elementor_header_footer","meta":{"footnotes":""},"class_list":["post-290","page","type-page","status-publish","hentry"],"yoast_head":"<!-- This site is optimized with the Yoast SEO plugin v28.4 - https:\/\/yoast.com\/product\/yoast-seo-wordpress\/ -->\n<title>Camping - Camping La For\u00eat du Morvan<\/title>\n<meta name=\"robots\" content=\"index, follow, max-snippet:-1, max-image-preview:large, max-video-preview:-1\" \/>\n<link rel=\"canonical\" href=\"https:\/\/campinglaforetdumorvan.com\/de\/camping\/\" \/>\n<meta property=\"og:locale\" content=\"de_DE\" \/>\n<meta property=\"og:type\" content=\"article\" \/>\n<meta property=\"og:title\" content=\"Camping - Camping La For\u00eat du Morvan\" \/>\n<meta property=\"og:description\" content=\"Camping La For\u00eat Du Morvan La For\u00eat du Morvan is een gezinscamping op een voormalige boerderij met ongeveer 4 hectare bos en 6 hectare weiland. Wij hebben 25 plaatsen voor u ter beschikking. Hiervan is een aantal bezet door volledig ingerichte piramidetenten. De plaatsen zijn zeer ruim en en iedere tent heeft uitzicht over een [&hellip;]\" \/>\n<meta property=\"og:url\" content=\"https:\/\/campinglaforetdumorvan.com\/de\/camping\/\" \/>\n<meta property=\"og:site_name\" content=\"Camping La For\u00eat du Morvan\" \/>\n<meta property=\"article:modified_time\" content=\"2026-09-02T09:50:19+00:00\" \/>\n<meta property=\"og:image\" content=\"https:\/\/campinglaforetdumorvan.com\/wp-content\/uploads\/2021\/02\/LaForet_Camping_06.jpg\" \/>\n\t<meta property=\"og:image:width\" content=\"1024\" \/>\n\t<meta property=\"og:image:height\" content=\"681\" \/>\n\t<meta property=\"og:image:type\" content=\"image\/jpeg\" \/>\n<meta name=\"twitter:card\" content=\"summary_large_image\" \/>\n<meta name=\"twitter:label1\" content=\"Gesch\u00e4tzte Lesezeit\" \/>\n\t<meta name=\"twitter:data1\" content=\"4\u00a0Minuten\" \/>\n<script type=\"application\/ld+json\" class=\"yoast-schema-graph\">{\"@context\":\"https:\\\/\\\/schema.org\",\"@graph\":[{\"@type\":\"WebPage\",\"@id\":\"https:\\\/\\\/campinglaforetdumorvan.com\\\/camping\\\/\",\"url\":\"https:\\\/\\\/campinglaforetdumorvan.com\\\/camping\\\/\",\"name\":\"Camping - Camping La For\u00eat du Morvan\",\"isPartOf\":{\"@id\":\"https:\\\/\\\/campinglaforetdumorvan.com\\\/#website\"},\"primaryImageOfPage\":{\"@id\":\"https:\\\/\\\/campinglaforetdumorvan.com\\\/camping\\\/#primaryimage\"},\"image\":{\"@id\":\"https:\\\/\\\/campinglaforetdumorvan.com\\\/camping\\\/#primaryimage\"},\"thumbnailUrl\":\"https:\\\/\\\/campinglaforetdumorvan.com\\\/wp-content\\\/uploads\\\/2021\\\/02\\\/LaForet_Camping_06.jpg\",\"datePublished\":\"2021-02-24T19:30:18+00:00\",\"dateModified\":\"2026-09-02T09:50:19+00:00\",\"breadcrumb\":{\"@id\":\"https:\\\/\\\/campinglaforetdumorvan.com\\\/camping\\\/#breadcrumb\"},\"inLanguage\":\"de\",\"potentialAction\":[{\"@type\":\"ReadAction\",\"target\":[\"https:\\\/\\\/campinglaforetdumorvan.com\\\/camping\\\/\"]}]},{\"@type\":\"ImageObject\",\"inLanguage\":\"de\",\"@id\":\"https:\\\/\\\/campinglaforetdumorvan.com\\\/camping\\\/#primaryimage\",\"url\":\"https:\\\/\\\/campinglaforetdumorvan.com\\\/wp-content\\\/uploads\\\/2021\\\/02\\\/LaForet_Camping_06.jpg\",\"contentUrl\":\"https:\\\/\\\/campinglaforetdumorvan.com\\\/wp-content\\\/uploads\\\/2021\\\/02\\\/LaForet_Camping_06.jpg\"},{\"@type\":\"BreadcrumbList\",\"@id\":\"https:\\\/\\\/campinglaforetdumorvan.com\\\/camping\\\/#breadcrumb\",\"itemListElement\":[{\"@type\":\"ListItem\",\"position\":1,\"name\":\"Home\",\"item\":\"https:\\\/\\\/campinglaforetdumorvan.com\\\/\"},{\"@type\":\"ListItem\",\"position\":2,\"name\":\"Camping\"}]},{\"@type\":\"WebSite\",\"@id\":\"https:\\\/\\\/campinglaforetdumorvan.com\\\/#website\",\"url\":\"https:\\\/\\\/campinglaforetdumorvan.com\\\/\",\"name\":\"Camping La For\u00eat du Morvan\",\"description\":\"Dans le sud de la Bourgogne\",\"publisher\":{\"@id\":\"https:\\\/\\\/campinglaforetdumorvan.com\\\/#organization\"},\"potentialAction\":[{\"@type\":\"SearchAction\",\"target\":{\"@type\":\"EntryPoint\",\"urlTemplate\":\"https:\\\/\\\/campinglaforetdumorvan.com\\\/?s={search_term_string}\"},\"query-input\":{\"@type\":\"PropertyValueSpecification\",\"valueRequired\":true,\"valueName\":\"search_term_string\"}}],\"inLanguage\":\"de\"},{\"@type\":\"Organization\",\"@id\":\"https:\\\/\\\/campinglaforetdumorvan.com\\\/#organization\",\"name\":\"Camping La For\u00eat du Morvan\",\"url\":\"https:\\\/\\\/campinglaforetdumorvan.com\\\/\",\"logo\":{\"@type\":\"ImageObject\",\"inLanguage\":\"de\",\"@id\":\"https:\\\/\\\/campinglaforetdumorvan.com\\\/#\\\/schema\\\/logo\\\/image\\\/\",\"url\":\"https:\\\/\\\/campinglaforetdumorvan.com\\\/wp-content\\\/uploads\\\/2021\\\/02\\\/Untitled-design-2022-12-29T114642.840.png\",\"contentUrl\":\"https:\\\/\\\/campinglaforetdumorvan.com\\\/wp-content\\\/uploads\\\/2021\\\/02\\\/Untitled-design-2022-12-29T114642.840.png\",\"width\":300,\"height\":300,\"caption\":\"Camping La For\u00eat du Morvan\"},\"image\":{\"@id\":\"https:\\\/\\\/campinglaforetdumorvan.com\\\/#\\\/schema\\\/logo\\\/image\\\/\"}}]}<\/script>\n<!-- \/ Yoast SEO plugin. -->","yoast_head_json":{"title":"Camping - Camping La For\u00eat du Morvan","robots":{"index":"index","follow":"follow","max-snippet":"max-snippet:-1","max-image-preview":"max-image-preview:large","max-video-preview":"max-video-preview:-1"},"canonical":"https:\/\/campinglaforetdumorvan.com\/de\/camping\/","og_locale":"de_DE","og_type":"article","og_title":"Camping - Camping La For\u00eat du Morvan","og_description":"Camping La For\u00eat Du Morvan La For\u00eat du Morvan is een gezinscamping op een voormalige boerderij met ongeveer 4 hectare bos en 6 hectare weiland. Wij hebben 25 plaatsen voor u ter beschikking. Hiervan is een aantal bezet door volledig ingerichte piramidetenten. De plaatsen zijn zeer ruim en en iedere tent heeft uitzicht over een [&hellip;]","og_url":"https:\/\/campinglaforetdumorvan.com\/de\/camping\/","og_site_name":"Camping La For\u00eat du Morvan","article_modified_time":"2026-09-02T09:50:19+00:00","og_image":[{"width":1024,"height":681,"url":"https:\/\/campinglaforetdumorvan.com\/wp-content\/uploads\/2021\/02\/LaForet_Camping_06.jpg","type":"image\/jpeg"}],"twitter_card":"summary_large_image","twitter_misc":{"Gesch\u00e4tzte Lesezeit":"4\u00a0Minuten"},"schema":{"@context":"https:\/\/schema.org","@graph":[{"@type":"WebPage","@id":"https:\/\/campinglaforetdumorvan.com\/camping\/","url":"https:\/\/campinglaforetdumorvan.com\/camping\/","name":"Camping - Camping La For\u00eat du Morvan","isPartOf":{"@id":"https:\/\/campinglaforetdumorvan.com\/#website"},"primaryImageOfPage":{"@id":"https:\/\/campinglaforetdumorvan.com\/camping\/#primaryimage"},"image":{"@id":"https:\/\/campinglaforetdumorvan.com\/camping\/#primaryimage"},"thumbnailUrl":"https:\/\/campinglaforetdumorvan.com\/wp-content\/uploads\/2021\/02\/LaForet_Camping_06.jpg","datePublished":"2021-02-24T19:30:18+00:00","dateModified":"2026-09-02T09:50:19+00:00","breadcrumb":{"@id":"https:\/\/campinglaforetdumorvan.com\/camping\/#breadcrumb"},"inLanguage":"de","potentialAction":[{"@type":"ReadAction","target":["https:\/\/campinglaforetdumorvan.com\/camping\/"]}]},{"@type":"ImageObject","inLanguage":"de","@id":"https:\/\/campinglaforetdumorvan.com\/camping\/#primaryimage","url":"https:\/\/campinglaforetdumorvan.com\/wp-content\/uploads\/2021\/02\/LaForet_Camping_06.jpg","contentUrl":"https:\/\/campinglaforetdumorvan.com\/wp-content\/uploads\/2021\/02\/LaForet_Camping_06.jpg"},{"@type":"BreadcrumbList","@id":"https:\/\/campinglaforetdumorvan.com\/camping\/#breadcrumb","itemListElement":[{"@type":"ListItem","position":1,"name":"Home","item":"https:\/\/campinglaforetdumorvan.com\/"},{"@type":"ListItem","position":2,"name":"Camping"}]},{"@type":"WebSite","@id":"https:\/\/campinglaforetdumorvan.com\/#website","url":"https:\/\/campinglaforetdumorvan.com\/","name":"Camping La For\u00eat du Morvan","description":"Dans le sud de la Bourgogne","publisher":{"@id":"https:\/\/campinglaforetdumorvan.com\/#organization"},"potentialAction":[{"@type":"SearchAction","target":{"@type":"EntryPoint","urlTemplate":"https:\/\/campinglaforetdumorvan.com\/?s={search_term_string}"},"query-input":{"@type":"PropertyValueSpecification","valueRequired":true,"valueName":"search_term_string"}}],"inLanguage":"de"},{"@type":"Organization","@id":"https:\/\/campinglaforetdumorvan.com\/#organization","name":"Camping La For\u00eat du Morvan","url":"https:\/\/campinglaforetdumorvan.com\/","logo":{"@type":"ImageObject","inLanguage":"de","@id":"https:\/\/campinglaforetdumorvan.com\/#\/schema\/logo\/image\/","url":"https:\/\/campinglaforetdumorvan.com\/wp-content\/uploads\/2021\/02\/Untitled-design-2022-12-29T114642.840.png","contentUrl":"https:\/\/campinglaforetdumorvan.com\/wp-content\/uploads\/2021\/02\/Untitled-design-2022-12-29T114642.840.png","width":300,"height":300,"caption":"Camping La For\u00eat du Morvan"},"image":{"@id":"https:\/\/campinglaforetdumorvan.com\/#\/schema\/logo\/image\/"}}]}},"_links":{"self":[{"href":"https:\/\/campinglaforetdumorvan.com\/de\/wp-json\/wp\/v2\/pages\/290","targetHints":{"allow":["GET"]}}],"collection":[{"href":"https:\/\/campinglaforetdumorvan.com\/de\/wp-json\/wp\/v2\/pages"}],"about":[{"href":"https:\/\/campinglaforetdumorvan.com\/de\/wp-json\/wp\/v2\/types\/page"}],"author":[{"embeddable":true,"href":"https:\/\/campinglaforetdumorvan.com\/de\/wp-json\/wp\/v2\/users\/1"}],"replies":[{"embeddable":true,"href":"https:\/\/campinglaforetdumorvan.com\/de\/wp-json\/wp\/v2\/comments?post=290"}],"version-history":[{"count":138,"href":"https:\/\/campinglaforetdumorvan.com\/de\/wp-json\/wp\/v2\/pages\/290\/revisions"}],"predecessor-version":[{"id":2607,"href":"https:\/\/campinglaforetdumorvan.com\/de\/wp-json\/wp\/v2\/pages\/290\/revisions\/2607"}],"wp:attachment":[{"href":"https:\/\/campinglaforetdumorvan.com\/de\/wp-json\/wp\/v2\/media?parent=290"}],"curies":[{"name":"wp","href":"https:\/\/api.w.org\/{rel}","templated":true}]}}